{"id":642,"date":"2017-11-06T12:12:41","date_gmt":"2017-11-06T12:12:41","guid":{"rendered":"http:\/\/assessorialaselva.com\/?page_id=642"},"modified":"2023-10-02T10:37:14","modified_gmt":"2023-10-02T08:37:14","slug":"asesoramiento-fiscal","status":"publish","type":"page","link":"https:\/\/gestorialaselva.com\/es\/asesoramiento-fiscal\/","title":{"rendered":"ASESORAMIENTO FISCAL"},"content":{"rendered":"<div id=\"pl-642\"  class=\"panel-layout\" ><div id=\"pg-642-0\"  class=\"panel-grid panel-has-style\" ><div class=\"siteorigin-panels-stretch panel-row-style panel-row-style-for-642-0\" style=\"padding: 0px 0; \" data-stretch-type=\"full-stretched\" data-overlay-color=\"#000000\" ><div id=\"pgc-642-0-0\"  class=\"panel-grid-cell panel-grid-cell-empty\" ><\/div><div id=\"pgc-642-0-1\"  class=\"panel-grid-cell\" ><div id=\"panel-642-0-1-0\" class=\"so-panel widget widget_text panel-first-child\" data-index=\"0\" ><div style=\"text-align: left;\" data-title-color=\"#443f3f\" data-headings-color=\"#443f3f\" class=\"panel-widget-style panel-widget-style-for-642-0-1-0\" ><h3 class=\"widget-title\">SU EMPRESA EN BUENAS MANOS<\/h3>\t\t\t<div class=\"textwidget\"><\/div>\n\t\t<\/div><\/div><div id=\"panel-642-0-1-1\" class=\"so-panel widget widget_sow-editor\" data-index=\"1\" ><div style=\"text-align: left;\" data-title-color=\"#443f3f\" data-headings-color=\"#443f3f\" class=\"panel-widget-style panel-widget-style-for-642-0-1-1\" ><div\n\t\t\t\n\t\t\tclass=\"so-widget-sow-editor so-widget-sow-editor-base\"\n\t\t\t\n\t\t>\n<div class=\"siteorigin-widget-tinymce textwidget\">\n\t<h5 style=\"text-align: center;\">Las exigencias tributarias, un mercado en permanente cambio y la crisis econ\u00f3mica hacen necesario la figura de un buen profesional que est\u00e9 a su lado. Conf\u00ede en nosotros y tendr\u00e1 su empresa en buenas manos.<\/h5>\n<h6 style=\"text-align: center;\">\nUna continua formaci\u00f3n, aprendizaje, personalizaci\u00f3n y la adaptaci\u00f3n a todos los cambios fiscales define los puntos fuertes de nuestro departamento fiscal. Nos adaptamos a las necesidades de nuestros clientes y llevamos a cabo una planificaci\u00f3n minuciosa para reducir los gastos fiscales y maximizar los beneficios.<\/h6>\n<\/div>\n<\/div><\/div><\/div><div id=\"panel-642-0-1-2\" class=\"so-panel widget widget_sow-editor panel-last-child\" data-index=\"2\" ><div style=\"text-align: left;\" data-title-color=\"#443f3f\" data-headings-color=\"#443f3f\" class=\"panel-widget-style panel-widget-style-for-642-0-1-2\" ><div\n\t\t\t\n\t\t\tclass=\"so-widget-sow-editor so-widget-sow-editor-base\"\n\t\t\t\n\t\t>\n<div class=\"siteorigin-widget-tinymce textwidget\">\n\t<h4><\/h4>\n<h4 style=\"text-align: center;\"><strong>Confie en Gestoria La Selva y tendr\u00e1 su empresa en buenas manos<\/strong><\/h4>\n<\/div>\n<\/div><\/div><\/div><\/div><div id=\"pgc-642-0-2\"  class=\"panel-grid-cell\" ><div id=\"panel-642-0-2-0\" class=\"so-panel widget widget_sow-image panel-first-child panel-last-child\" data-index=\"3\" ><div style=\"text-align: left;\" data-title-color=\"#443f3f\" data-headings-color=\"#443f3f\" class=\"panel-widget-style panel-widget-style-for-642-0-2-0\" ><div\n\t\t\t\n\t\t\tclass=\"so-widget-sow-image so-widget-sow-image-default-8b5b6f678277-642\"\n\t\t\t\n\t\t>\n\n<div class=\"sow-image-container\">\n\t\t<img loading=\"lazy\" decoding=\"async\" src=\"https:\/\/gestorialaselva.com\/es\/wp-content\/uploads\/sites\/3\/2017\/11\/statistics-edited.jpg\" width=\"1736\" height=\"1016\" srcset=\"https:\/\/gestorialaselva.com\/es\/wp-content\/uploads\/sites\/3\/2017\/11\/statistics-edited.jpg 1736w, https:\/\/gestorialaselva.com\/es\/wp-content\/uploads\/sites\/3\/2017\/11\/statistics-edited-300x176.jpg 300w, https:\/\/gestorialaselva.com\/es\/wp-content\/uploads\/sites\/3\/2017\/11\/statistics-edited-768x449.jpg 768w, https:\/\/gestorialaselva.com\/es\/wp-content\/uploads\/sites\/3\/2017\/11\/statistics-edited-1024x599.jpg 1024w, https:\/\/gestorialaselva.com\/es\/wp-content\/uploads\/sites\/3\/2017\/11\/statistics-edited-1568x918.jpg 1568w, https:\/\/gestorialaselva.com\/es\/wp-content\/uploads\/sites\/3\/2017\/11\/statistics-edited-24x14.jpg 24w, https:\/\/gestorialaselva.com\/es\/wp-content\/uploads\/sites\/3\/2017\/11\/statistics-edited-36x21.jpg 36w, https:\/\/gestorialaselva.com\/es\/wp-content\/uploads\/sites\/3\/2017\/11\/statistics-edited-48x28.jpg 48w\" sizes=\"auto, (max-width: 1736px) 100vw, 1736px\" title=\"FISCALIDAD, ASESORAMIENTO FISCAL; IMPUESTOS LLORET; DECLARACION DE RENTA; IRPF\" alt=\"FISCALIDAD, ASESORAMIENTO FISCAL; IMPUESTOS LLORET; DECLARACION DE RENTA; IRPF\" \t\tclass=\"so-widget-image\"\/>\n\t<\/div>\n\n<\/div><\/div><\/div><\/div><\/div><\/div><div id=\"pg-642-1\"  class=\"panel-grid panel-has-style\" ><div class=\"siteorigin-panels-stretch panel-row-style panel-row-style-for-642-1\" style=\"background-image: url(https:\/\/gestorialaselva.com\/es\/wp-content\/uploads\/sites\/3\/2017\/11\/ASSESSORIA-LA-SELVA-OFICINA.jpg);padding: 75px 0; \" data-stretch-type=\"full-stretched\" data-hasbg=\"hasbg\" data-overlay=\"true\" data-overlay-color=\"#000000\" ><div id=\"pgc-642-1-0\"  class=\"panel-grid-cell\" ><div id=\"panel-642-1-0-0\" class=\"so-panel widget widget_sow-editor panel-first-child panel-last-child\" data-index=\"4\" ><div style=\"text-align: left;\" data-title-color=\"#443f3f\" data-headings-color=\"#443f3f\" class=\"panel-widget-style panel-widget-style-for-642-1-0-0\" ><div\n\t\t\t\n\t\t\tclass=\"so-widget-sow-editor so-widget-sow-editor-base\"\n\t\t\t\n\t\t>\n<div class=\"siteorigin-widget-tinymce textwidget\">\n\t<h2 style=\"text-align: center;\"><span style=\"color: #ffffff;\">SERVICIOS FISCALES<\/span><\/h2>\n<\/div>\n<\/div><\/div><\/div><\/div><\/div><\/div><div id=\"pg-642-2\"  class=\"panel-grid panel-has-style\" ><div class=\"siteorigin-panels-stretch panel-row-style panel-row-style-for-642-2\" style=\"text-align: center;padding: 100px 0; \" data-stretch-type=\"full\" data-overlay=\"true\" data-overlay-color=\"#000000\" ><div id=\"pgc-642-2-0\"  class=\"panel-grid-cell\" ><div id=\"panel-642-2-0-0\" class=\"so-panel widget widget_sow-editor panel-first-child panel-last-child\" data-index=\"5\" ><div style=\"text-align: left;\" data-title-color=\"#443f3f\" data-headings-color=\"#443f3f\" class=\"panel-widget-style panel-widget-style-for-642-2-0-0\" ><div\n\t\t\t\n\t\t\tclass=\"so-widget-sow-editor so-widget-sow-editor-base\"\n\t\t\t\n\t\t><h3 class=\"widget-title\">RECURSOS ADMINISTRATIVOS<\/h3>\n<div class=\"siteorigin-widget-tinymce textwidget\">\n\t<p>- Asesoramiento tributario<br \/>\n- Asesoramiento en procedimientos de gesti\u00f3n, sancionador y recaudador<br \/>\n- Presentaci\u00f3n de reclamaciones ante los \u00f3rganos administrativos<br \/>\n- Asistencia, representaci\u00f3n y defensa<br \/>\n- Recursos administrativos<br \/>\n- Comprobaciones tributarias<br \/>\n- Presentaci\u00f3n y tramitaci\u00f3n de escritos y consultas ante la Administraci\u00f3n Tributaria<br \/>\n- Gesti\u00f3n de aplazamientos<br \/>\n- Representaci\u00f3n ante la Agencia Tributaria<br \/>\n- Servicios de consultor\u00eda tributaria<\/p>\n<p><img loading=\"lazy\" decoding=\"async\" class=\"size-medium wp-image-706 aligncenter\" src=\"http:\/\/assessorialaselva.com\/wp-content\/uploads\/2017\/11\/ASSESSORIA-LA-SELVA-TECNIC-TRIBUTARI-300x225.jpg\" alt=\"\" width=\"300\" height=\"225\" srcset=\"https:\/\/gestorialaselva.com\/es\/wp-content\/uploads\/sites\/3\/2017\/11\/ASSESSORIA-LA-SELVA-TECNIC-TRIBUTARI-300x225.jpg 300w, https:\/\/gestorialaselva.com\/es\/wp-content\/uploads\/sites\/3\/2017\/11\/ASSESSORIA-LA-SELVA-TECNIC-TRIBUTARI-24x18.jpg 24w, https:\/\/gestorialaselva.com\/es\/wp-content\/uploads\/sites\/3\/2017\/11\/ASSESSORIA-LA-SELVA-TECNIC-TRIBUTARI-36x27.jpg 36w, https:\/\/gestorialaselva.com\/es\/wp-content\/uploads\/sites\/3\/2017\/11\/ASSESSORIA-LA-SELVA-TECNIC-TRIBUTARI-48x36.jpg 48w, https:\/\/gestorialaselva.com\/es\/wp-content\/uploads\/sites\/3\/2017\/11\/ASSESSORIA-LA-SELVA-TECNIC-TRIBUTARI.jpg 400w\" sizes=\"auto, (max-width: 300px) 100vw, 300px\" \/><\/p>\n<\/div>\n<\/div><\/div><\/div><\/div><div id=\"pgc-642-2-1\"  class=\"panel-grid-cell\" ><div id=\"panel-642-2-1-0\" class=\"so-panel widget widget_sow-editor panel-first-child panel-last-child\" data-index=\"6\" ><div style=\"text-align: left;\" data-title-color=\"#443f3f\" data-headings-color=\"#443f3f\" class=\"panel-widget-style panel-widget-style-for-642-2-1-0\" ><div\n\t\t\t\n\t\t\tclass=\"so-widget-sow-editor so-widget-sow-editor-base\"\n\t\t\t\n\t\t><h3 class=\"widget-title\">GESTI\u00d3N DE IMPUESTOS<\/h3>\n<div class=\"siteorigin-widget-tinymce textwidget\">\n\t- Definici\u00f3n de la pol\u00edtica fiscal y planificaci\u00f3n de las operaciones.<br \/>\n- Confecci\u00f3n y presentaci\u00f3n de impuestos mensuales, trimestrales y anuales:\n<ul>\n \t<li>IVA.<\/li>\n        <li>Declaraci\u00f3n de Renta de las Personas F\u00edsicas (IRPF).<\/li>\n \t<li>Operaciones intracomunitarias.<\/li>\n \t<li>Planificaci\u00f3n, confecci\u00f3n y liquidaci\u00f3n del Impuesto de Sociedades.<\/li>\n \t<li>M\u00f3dulos.<\/li>\n \t<li>Pagos fraccionados.<\/li>\n \t<li>Asesoramiento y confecci\u00f3n del Impuesto sobre la Renta de las Personas F\u00edsicas.<\/li>\n \t<li>Declaraci\u00f3n de renta de bienes y derechos en el extranjero.<\/li>\n \t<li>Censos \/ IAE.<\/li>\n \t<li>Impuestos Especiales \/ Aduanas.<\/li>\n \t<li>Impuesto de Sucesiones \/ Herencias.<\/li>\n \t<li>Impuesto de Patrimonio<\/li>\n \t<li>Otros impuestos <\/li>\n<\/ul>\n- Asesoramiento fiscal a empresas, asociaciones, fundaciones, agencias de viajes, sector inmobiliario, farmacias, etc.<br \/>\n- Impuesto sobre Establecimientos Tur\u00edsticos<\/div>\n<\/div><\/div><\/div><\/div><\/div><\/div><div id=\"pg-642-3\"  class=\"panel-grid panel-has-style\" ><div class=\"siteorigin-panels-stretch panel-row-style panel-row-style-for-642-3\" style=\"text-align: center;padding: 0px 0; \" data-stretch-type=\"full\" data-overlay=\"true\" data-overlay-color=\"#000000\" ><div id=\"pgc-642-3-0\"  class=\"panel-grid-cell\" ><div id=\"panel-642-3-0-0\" class=\"so-panel widget widget_sow-editor panel-first-child panel-last-child\" data-index=\"7\" ><div style=\"text-align: left;\" data-title-color=\"#443f3f\" data-headings-color=\"#443f3f\" class=\"panel-widget-style panel-widget-style-for-642-3-0-0\" ><div\n\t\t\t\n\t\t\tclass=\"so-widget-sow-editor so-widget-sow-editor-base\"\n\t\t\t\n\t\t><h3 class=\"widget-title\">OTROS TR\u00c1MITES<\/h3>\n<div class=\"siteorigin-widget-tinymce textwidget\">\n\t<p>- Planificaci\u00f3n fiscal<br \/>\n- Constituci\u00f3n de Sociedades Civiles y Mercantiles<br \/>\n- An\u00e1lisis contable y financiero<br \/>\n- Asistencia ante \u00f3rganos Tributarios<br \/>\n- Confecci\u00f3n de contratos de alquiler, pr\u00e9stamos y compraventas<br \/>\n- Inscripci\u00f3n en el Registro de Patentes y Marcas<br \/>\n- Tramitaci\u00f3n de certificados: fallecimiento, empadronamiento, voluntad, penales, etc.<br \/>\n- Plusval\u00edas, licencia de apertura de establecimientos, permisos de obra y otros<br \/>\n- Notas informativas de Sociedad y propiedades<br \/>\n- Registro de la propiedad y mercantil: inscripci\u00f3n de escrituras y documentos p\u00fablicos<br \/>\n- Catastro: altas, bajas y modificaciones de datos de bienes inmuebles<br \/>\n- Tramitaci\u00f3n de tarjetas de transporte<\/p>\n<\/div>\n<\/div><\/div><\/div><\/div><div id=\"pgc-642-3-1\"  class=\"panel-grid-cell\" ><div id=\"panel-642-3-1-0\" class=\"so-panel widget widget_rss panel-first-child panel-last-child\" data-index=\"8\" ><div style=\"text-align: left;\" data-title-color=\"#443f3f\" data-headings-color=\"#443f3f\" class=\"panel-widget-style panel-widget-style-for-642-3-1-0\" ><h3 class=\"widget-title\"><a class=\"rsswidget rss-widget-feed\" href=\"https:\/\/www.agenciatributaria.es\/AEAT.internet\/Inicio\/RSS\/RSS.html\"><img decoding=\"async\" class=\"rss-widget-icon\" style=\"border:0\" width=\"14\" height=\"14\" src=\"https:\/\/gestorialaselva.com\/es\/wp-includes\/images\/rss.png\" alt=\"RSS\" loading=\"lazy\" \/><\/a> <a class=\"rsswidget rss-widget-title\" href=\"\">\u00daLTIMAS NOTICIAS DE HACIENDA<\/a><\/h3><\/div><\/div><\/div><\/div><\/div><div id=\"pg-642-4\"  class=\"panel-grid panel-has-style\" ><div class=\"siteorigin-panels-stretch panel-row-style panel-row-style-for-642-4\" style=\"background-image: url(https:\/\/gestorialaselva.com\/es\/wp-content\/uploads\/sites\/3\/2015\/09\/Contact_us-1024x683.jpg);padding: 75px 0; \" data-stretch-type=\"full-stretched\" data-hasbg=\"hasbg\" data-overlay=\"true\" data-overlay-color=\"#000000\" ><div id=\"pgc-642-4-0\"  class=\"panel-grid-cell\" ><div id=\"panel-642-4-0-0\" class=\"so-panel widget widget_sow-editor panel-first-child panel-last-child\" data-index=\"9\" ><div style=\"text-align: left;\" data-title-color=\"#443f3f\" data-headings-color=\"#443f3f\" class=\"panel-widget-style panel-widget-style-for-642-4-0-0\" ><div\n\t\t\t\n\t\t\tclass=\"so-widget-sow-editor so-widget-sow-editor-base\"\n\t\t\t\n\t\t>\n<div class=\"siteorigin-widget-tinymce textwidget\">\n\t<h2 style=\"text-align: center;\"><span style=\"color: #ffffff;\">\u00bfTienes alguna duda? Cont\u00e1ctanos<\/span><\/h2>\n<\/div>\n<\/div><\/div><\/div><\/div><\/div><\/div><div id=\"pg-642-5\"  class=\"panel-grid panel-has-style\" ><div class=\"siteorigin-panels-stretch panel-row-style panel-row-style-for-642-5\" style=\"text-align: center;padding: 50px 0; \" data-stretch-type=\"full\" data-overlay=\"true\" data-overlay-color=\"#000000\" ><div id=\"pgc-642-5-0\"  class=\"panel-grid-cell\" ><div id=\"panel-642-5-0-0\" class=\"so-panel widget widget_sow-editor panel-first-child panel-last-child\" data-index=\"10\" ><div style=\"text-align: left;\" data-title-color=\"#443f3f\" data-headings-color=\"#443f3f\" class=\"panel-widget-style panel-widget-style-for-642-5-0-0\" ><div\n\t\t\t\n\t\t\tclass=\"so-widget-sow-editor so-widget-sow-editor-base\"\n\t\t\t\n\t\t>\n<div class=\"siteorigin-widget-tinymce textwidget\">\n\t<p style=\"text-align: center;\">\n<div class=\"wpcf7 no-js\" id=\"wpcf7-f2570-o1\" lang=\"es-ES\" dir=\"ltr\">\n<div class=\"screen-reader-response\"><p role=\"status\" aria-live=\"polite\" aria-atomic=\"true\"><\/p> <ul><\/ul><\/div>\n<form action=\"\/es\/wp-json\/wp\/v2\/pages\/642#wpcf7-f2570-o1\" method=\"post\" class=\"wpcf7-form init wpcf7-acceptance-as-validation\" aria-label=\"Formulario de contacto\" enctype=\"multipart\/form-data\" novalidate=\"novalidate\" data-status=\"init\">\n<div style=\"display: none;\">\n<input type=\"hidden\" name=\"_wpcf7\" value=\"2570\" \/>\n<input type=\"hidden\" name=\"_wpcf7_version\" value=\"5.9.3\" \/>\n<input type=\"hidden\" name=\"_wpcf7_locale\" value=\"es_ES\" \/>\n<input type=\"hidden\" name=\"_wpcf7_unit_tag\" value=\"wpcf7-f2570-o1\" \/>\n<input type=\"hidden\" name=\"_wpcf7_container_post\" value=\"0\" \/>\n<input type=\"hidden\" name=\"_wpcf7_posted_data_hash\" value=\"\" \/>\n<input type=\"hidden\" name=\"_wpcf7_recaptcha_response\" value=\"\" \/>\n<\/div>\n<div class=\"one-half\">\n\t<p><label> <span class=\"wpcf7-form-control-wrap\" data-name=\"your-name\"><input size=\"40\" class=\"wpcf7-form-control wpcf7-text wpcf7-validates-as-required\" aria-required=\"true\" aria-invalid=\"false\" placeholder=\"Nombre y Apellido\" value=\"\" type=\"text\" name=\"your-name\" \/><\/span> <\/label>\n\t<\/p>\n<\/div>\n<div class=\"one-half last\">\n\t<p><label> <span class=\"wpcf7-form-control-wrap\" data-name=\"your-email\"><input size=\"40\" class=\"wpcf7-form-control wpcf7-email wpcf7-validates-as-required wpcf7-text wpcf7-validates-as-email\" aria-required=\"true\" aria-invalid=\"false\" placeholder=\"Email\" value=\"\" type=\"email\" name=\"your-email\" \/><\/span> <\/label>\n\t<\/p>\n<\/div>\n<div class=\"one-half\">\n\t<p><label> <span class=\"wpcf7-form-control-wrap\" data-name=\"your-subject\"><input size=\"40\" class=\"wpcf7-form-control wpcf7-text\" aria-invalid=\"false\" placeholder=\"Asunto\" value=\"\" type=\"text\" name=\"your-subject\" \/><\/span> <\/label>\n\t<\/p>\n<\/div>\n<div class=\"one-half last\">\n\t<p><label> <span class=\"wpcf7-form-control-wrap\" data-name=\"tel-474\"><input size=\"40\" class=\"wpcf7-form-control wpcf7-tel wpcf7-text wpcf7-validates-as-tel\" aria-invalid=\"false\" placeholder=\"Tel\u00e9fono\" value=\"\" type=\"tel\" name=\"tel-474\" \/><\/span> <\/label>\n\t<\/p>\n<\/div>\n<p><label> <span class=\"wpcf7-form-control-wrap\" data-name=\"your-message\"><textarea cols=\"40\" rows=\"10\" class=\"wpcf7-form-control wpcf7-textarea\" aria-invalid=\"false\" placeholder=\"Mensaje\" name=\"your-message\"><\/textarea><\/span> <\/label>\n<\/p>\n<p><label> <span class=\"wpcf7-form-control-wrap\" data-name=\"acceptance-983\"><span class=\"wpcf7-form-control wpcf7-acceptance\"><span class=\"wpcf7-list-item\"><label><input type=\"checkbox\" name=\"acceptance-983\" value=\"1\" aria-invalid=\"false\" \/><span class=\"wpcf7-list-item-label\">Acepto las clausulas de  <a href=\"https:\/\/gestorialaselva.com\/politica-de-privacitat\/\">Pol\u00edtica de Privacidad<\/a><\/span><\/label><\/span><\/span><\/span><\/label>\n<\/p>\n<p><label> <span class=\"wpcf7-form-control-wrap\" data-name=\"file-104\"><input size=\"40\" class=\"wpcf7-form-control wpcf7-file\" accept=\"audio\/*,video\/*,image\/*\" aria-invalid=\"false\" type=\"file\" name=\"file-104\" \/><\/span><\/label>\n<\/p>\n<p><input class=\"wpcf7-form-control wpcf7-submit has-spinner\" type=\"submit\" value=\"Enviar\" \/>\n<\/p><p style=\"display: none !important;\" class=\"akismet-fields-container\" data-prefix=\"_wpcf7_ak_\"><label>&#916;<textarea name=\"_wpcf7_ak_hp_textarea\" cols=\"45\" rows=\"8\" maxlength=\"100\"><\/textarea><\/label><input type=\"hidden\" id=\"ak_js_1\" name=\"_wpcf7_ak_js\" value=\"100\"\/><script>document.getElementById( \"ak_js_1\" ).setAttribute( \"value\", ( new Date() ).getTime() );<\/script><\/p><div class=\"wpcf7-response-output\" aria-hidden=\"true\"><\/div>\n<\/form>\n<\/div>\n<\/p>\n<\/div>\n<\/div><\/div><\/div><\/div><\/div><\/div><\/div>","protected":false},"excerpt":{"rendered":"<p>Las exigencias tributarias, un mercado en permanente cambio y la crisis econ\u00f3mica hacen necesario la figura de un buen profesional que est\u00e9 [&hellip;]<\/p>\n","protected":false},"author":1,"featured_media":0,"parent":0,"menu_order":0,"comment_status":"closed","ping_status":"closed","template":"page-templates\/page_front-page.php","meta":{"footnotes":""},"class_list":["post-642","page","type-page","status-publish","hentry"],"yoast_head":"<!-- This site is optimized with the Yoast SEO plugin v22.3 - https:\/\/yoast.com\/wordpress\/plugins\/seo\/ -->\n<title>ASESORAMIENTO FISCAL - GESTORIA LA SELVA, SU GESTOR\u00cdA DE CONFIANZA<\/title>\n<meta name=\"description\" content=\"Consultor\u00eda, Fiscal, Laboral, Contable, Mercantil y Seguros. Assessoria la Selva posa a la seva disposici\u00f3 un servei integral d\u2019assessorament, amb la garantia que la seva empresa es trobar\u00e0 protegida en qualsevol \u00e0mbit tributari, fiscal, comptable, laboral, etc. Ens caracteritzem per oferir una atenci\u00f3 personalitzada i adaptada a les noves tecnologies, oferint un servei individualitzat, exemplar a m\u00e9s a m\u00e9s de l&#039;experi\u00e8ncia, el coneixement del negoci i la formaci\u00f3 cont\u00ednua. El conjunt d\u2019aquets factors ens permeten proporcionar un servei global immillorable.\" \/>\n<meta name=\"robots\" content=\"index, follow, max-snippet:-1, max-image-preview:large, max-video-preview:-1\" \/>\n<link rel=\"canonical\" href=\"https:\/\/gestorialaselva.com\/es\/asesoramiento-fiscal\/\" \/>\n<meta property=\"og:locale\" content=\"es_ES\" \/>\n<meta property=\"og:type\" content=\"article\" \/>\n<meta property=\"og:title\" content=\"ASESORAMIENTO FISCAL - GESTORIA LA SELVA, SU GESTOR\u00cdA DE CONFIANZA\" \/>\n<meta property=\"og:description\" content=\"Consultor\u00eda, Fiscal, Laboral, Contable, Mercantil y Seguros. Assessoria la Selva posa a la seva disposici\u00f3 un servei integral d\u2019assessorament, amb la garantia que la seva empresa es trobar\u00e0 protegida en qualsevol \u00e0mbit tributari, fiscal, comptable, laboral, etc. Ens caracteritzem per oferir una atenci\u00f3 personalitzada i adaptada a les noves tecnologies, oferint un servei individualitzat, exemplar a m\u00e9s a m\u00e9s de l&#039;experi\u00e8ncia, el coneixement del negoci i la formaci\u00f3 cont\u00ednua. El conjunt d\u2019aquets factors ens permeten proporcionar un servei global immillorable.\" \/>\n<meta property=\"og:url\" content=\"https:\/\/gestorialaselva.com\/es\/asesoramiento-fiscal\/\" \/>\n<meta property=\"og:site_name\" content=\"GESTORIA LA SELVA, SU GESTOR\u00cdA DE CONFIANZA\" \/>\n<meta property=\"article:modified_time\" content=\"2023-10-02T08:37:14+00:00\" \/>\n<meta property=\"og:image\" content=\"http:\/\/assessorialaselva.com\/wp-content\/uploads\/2017\/11\/ASSESSORIA-LA-SELVA-TECNIC-TRIBUTARI-300x225.jpg\" \/>\n<meta name=\"twitter:card\" content=\"summary_large_image\" \/>\n<meta name=\"twitter:label1\" content=\"Tiempo de lectura\" \/>\n\t<meta name=\"twitter:data1\" content=\"2 minutos\" \/>\n<script type=\"application\/ld+json\" class=\"yoast-schema-graph\">{\"@context\":\"https:\/\/schema.org\",\"@graph\":[{\"@type\":\"WebPage\",\"@id\":\"https:\/\/gestorialaselva.com\/es\/asesoramiento-fiscal\/\",\"url\":\"https:\/\/gestorialaselva.com\/es\/asesoramiento-fiscal\/\",\"name\":\"ASESORAMIENTO FISCAL - GESTORIA LA SELVA, SU GESTOR\u00cdA DE CONFIANZA\",\"isPartOf\":{\"@id\":\"https:\/\/gestorialaselva.com\/es\/#website\"},\"primaryImageOfPage\":{\"@id\":\"https:\/\/gestorialaselva.com\/es\/asesoramiento-fiscal\/#primaryimage\"},\"image\":{\"@id\":\"https:\/\/gestorialaselva.com\/es\/asesoramiento-fiscal\/#primaryimage\"},\"thumbnailUrl\":\"http:\/\/assessorialaselva.com\/wp-content\/uploads\/2017\/11\/ASSESSORIA-LA-SELVA-TECNIC-TRIBUTARI-300x225.jpg\",\"datePublished\":\"2017-11-06T12:12:41+00:00\",\"dateModified\":\"2023-10-02T08:37:14+00:00\",\"description\":\"Consultor\u00eda, Fiscal, Laboral, Contable, Mercantil y Seguros. Assessoria la Selva posa a la seva disposici\u00f3 un servei integral d\u2019assessorament, amb la garantia que la seva empresa es trobar\u00e0 protegida en qualsevol \u00e0mbit tributari, fiscal, comptable, laboral, etc. Ens caracteritzem per oferir una atenci\u00f3 personalitzada i adaptada a les noves tecnologies, oferint un servei individualitzat, exemplar a m\u00e9s a m\u00e9s de l'experi\u00e8ncia, el coneixement del negoci i la formaci\u00f3 cont\u00ednua. El conjunt d\u2019aquets factors ens permeten proporcionar un servei global immillorable.\",\"breadcrumb\":{\"@id\":\"https:\/\/gestorialaselva.com\/es\/asesoramiento-fiscal\/#breadcrumb\"},\"inLanguage\":\"es\",\"potentialAction\":[{\"@type\":\"ReadAction\",\"target\":[\"https:\/\/gestorialaselva.com\/es\/asesoramiento-fiscal\/\"]}]},{\"@type\":\"ImageObject\",\"inLanguage\":\"es\",\"@id\":\"https:\/\/gestorialaselva.com\/es\/asesoramiento-fiscal\/#primaryimage\",\"url\":\"http:\/\/assessorialaselva.com\/wp-content\/uploads\/2017\/11\/ASSESSORIA-LA-SELVA-TECNIC-TRIBUTARI-300x225.jpg\",\"contentUrl\":\"http:\/\/assessorialaselva.com\/wp-content\/uploads\/2017\/11\/ASSESSORIA-LA-SELVA-TECNIC-TRIBUTARI-300x225.jpg\"},{\"@type\":\"BreadcrumbList\",\"@id\":\"https:\/\/gestorialaselva.com\/es\/asesoramiento-fiscal\/#breadcrumb\",\"itemListElement\":[{\"@type\":\"ListItem\",\"position\":1,\"name\":\"Inici\",\"item\":\"https:\/\/gestorialaselva.com\/es\/\"},{\"@type\":\"ListItem\",\"position\":2,\"name\":\"ASESORAMIENTO FISCAL\"}]},{\"@type\":\"WebSite\",\"@id\":\"https:\/\/gestorialaselva.com\/es\/#website\",\"url\":\"https:\/\/gestorialaselva.com\/es\/\",\"name\":\"GESTORIA LA SELVA, SU GESTOR\u00cdA DE CONFIANZA\",\"description\":\"Consultor\u00eda, Fiscal, Laboral, Contable, Mercantil y Seguros en Lloret de Mar\",\"potentialAction\":[{\"@type\":\"SearchAction\",\"target\":{\"@type\":\"EntryPoint\",\"urlTemplate\":\"https:\/\/gestorialaselva.com\/es\/?s={search_term_string}\"},\"query-input\":\"required name=search_term_string\"}],\"inLanguage\":\"es\"}]}<\/script>\n<!-- \/ Yoast SEO plugin. -->","yoast_head_json":{"title":"ASESORAMIENTO FISCAL - GESTORIA LA SELVA, SU GESTOR\u00cdA DE CONFIANZA","description":"Consultor\u00eda, Fiscal, Laboral, Contable, Mercantil y Seguros. Assessoria la Selva posa a la seva disposici\u00f3 un servei integral d\u2019assessorament, amb la garantia que la seva empresa es trobar\u00e0 protegida en qualsevol \u00e0mbit tributari, fiscal, comptable, laboral, etc. Ens caracteritzem per oferir una atenci\u00f3 personalitzada i adaptada a les noves tecnologies, oferint un servei individualitzat, exemplar a m\u00e9s a m\u00e9s de l'experi\u00e8ncia, el coneixement del negoci i la formaci\u00f3 cont\u00ednua. El conjunt d\u2019aquets factors ens permeten proporcionar un servei global immillorable.","robots":{"index":"index","follow":"follow","max-snippet":"max-snippet:-1","max-image-preview":"max-image-preview:large","max-video-preview":"max-video-preview:-1"},"canonical":"https:\/\/gestorialaselva.com\/es\/asesoramiento-fiscal\/","og_locale":"es_ES","og_type":"article","og_title":"ASESORAMIENTO FISCAL - GESTORIA LA SELVA, SU GESTOR\u00cdA DE CONFIANZA","og_description":"Consultor\u00eda, Fiscal, Laboral, Contable, Mercantil y Seguros. Assessoria la Selva posa a la seva disposici\u00f3 un servei integral d\u2019assessorament, amb la garantia que la seva empresa es trobar\u00e0 protegida en qualsevol \u00e0mbit tributari, fiscal, comptable, laboral, etc. Ens caracteritzem per oferir una atenci\u00f3 personalitzada i adaptada a les noves tecnologies, oferint un servei individualitzat, exemplar a m\u00e9s a m\u00e9s de l'experi\u00e8ncia, el coneixement del negoci i la formaci\u00f3 cont\u00ednua. El conjunt d\u2019aquets factors ens permeten proporcionar un servei global immillorable.","og_url":"https:\/\/gestorialaselva.com\/es\/asesoramiento-fiscal\/","og_site_name":"GESTORIA LA SELVA, SU GESTOR\u00cdA DE CONFIANZA","article_modified_time":"2023-10-02T08:37:14+00:00","og_image":[{"url":"http:\/\/assessorialaselva.com\/wp-content\/uploads\/2017\/11\/ASSESSORIA-LA-SELVA-TECNIC-TRIBUTARI-300x225.jpg"}],"twitter_card":"summary_large_image","twitter_misc":{"Tiempo de lectura":"2 minutos"},"schema":{"@context":"https:\/\/schema.org","@graph":[{"@type":"WebPage","@id":"https:\/\/gestorialaselva.com\/es\/asesoramiento-fiscal\/","url":"https:\/\/gestorialaselva.com\/es\/asesoramiento-fiscal\/","name":"ASESORAMIENTO FISCAL - GESTORIA LA SELVA, SU GESTOR\u00cdA DE CONFIANZA","isPartOf":{"@id":"https:\/\/gestorialaselva.com\/es\/#website"},"primaryImageOfPage":{"@id":"https:\/\/gestorialaselva.com\/es\/asesoramiento-fiscal\/#primaryimage"},"image":{"@id":"https:\/\/gestorialaselva.com\/es\/asesoramiento-fiscal\/#primaryimage"},"thumbnailUrl":"http:\/\/assessorialaselva.com\/wp-content\/uploads\/2017\/11\/ASSESSORIA-LA-SELVA-TECNIC-TRIBUTARI-300x225.jpg","datePublished":"2017-11-06T12:12:41+00:00","dateModified":"2023-10-02T08:37:14+00:00","description":"Consultor\u00eda, Fiscal, Laboral, Contable, Mercantil y Seguros. Assessoria la Selva posa a la seva disposici\u00f3 un servei integral d\u2019assessorament, amb la garantia que la seva empresa es trobar\u00e0 protegida en qualsevol \u00e0mbit tributari, fiscal, comptable, laboral, etc. Ens caracteritzem per oferir una atenci\u00f3 personalitzada i adaptada a les noves tecnologies, oferint un servei individualitzat, exemplar a m\u00e9s a m\u00e9s de l'experi\u00e8ncia, el coneixement del negoci i la formaci\u00f3 cont\u00ednua. El conjunt d\u2019aquets factors ens permeten proporcionar un servei global immillorable.","breadcrumb":{"@id":"https:\/\/gestorialaselva.com\/es\/asesoramiento-fiscal\/#breadcrumb"},"inLanguage":"es","potentialAction":[{"@type":"ReadAction","target":["https:\/\/gestorialaselva.com\/es\/asesoramiento-fiscal\/"]}]},{"@type":"ImageObject","inLanguage":"es","@id":"https:\/\/gestorialaselva.com\/es\/asesoramiento-fiscal\/#primaryimage","url":"http:\/\/assessorialaselva.com\/wp-content\/uploads\/2017\/11\/ASSESSORIA-LA-SELVA-TECNIC-TRIBUTARI-300x225.jpg","contentUrl":"http:\/\/assessorialaselva.com\/wp-content\/uploads\/2017\/11\/ASSESSORIA-LA-SELVA-TECNIC-TRIBUTARI-300x225.jpg"},{"@type":"BreadcrumbList","@id":"https:\/\/gestorialaselva.com\/es\/asesoramiento-fiscal\/#breadcrumb","itemListElement":[{"@type":"ListItem","position":1,"name":"Inici","item":"https:\/\/gestorialaselva.com\/es\/"},{"@type":"ListItem","position":2,"name":"ASESORAMIENTO FISCAL"}]},{"@type":"WebSite","@id":"https:\/\/gestorialaselva.com\/es\/#website","url":"https:\/\/gestorialaselva.com\/es\/","name":"GESTORIA LA SELVA, SU GESTOR\u00cdA DE CONFIANZA","description":"Consultor\u00eda, Fiscal, Laboral, Contable, Mercantil y Seguros en Lloret de Mar","potentialAction":[{"@type":"SearchAction","target":{"@type":"EntryPoint","urlTemplate":"https:\/\/gestorialaselva.com\/es\/?s={search_term_string}"},"query-input":"required name=search_term_string"}],"inLanguage":"es"}]}},"_links":{"self":[{"href":"https:\/\/gestorialaselva.com\/es\/wp-json\/wp\/v2\/pages\/642","targetHints":{"allow":["GET"]}}],"collection":[{"href":"https:\/\/gestorialaselva.com\/es\/wp-json\/wp\/v2\/pages"}],"about":[{"href":"https:\/\/gestorialaselva.com\/es\/wp-json\/wp\/v2\/types\/page"}],"author":[{"embeddable":true,"href":"https:\/\/gestorialaselva.com\/es\/wp-json\/wp\/v2\/users\/1"}],"replies":[{"embeddable":true,"href":"https:\/\/gestorialaselva.com\/es\/wp-json\/wp\/v2\/comments?post=642"}],"version-history":[{"count":11,"href":"https:\/\/gestorialaselva.com\/es\/wp-json\/wp\/v2\/pages\/642\/revisions"}],"predecessor-version":[{"id":2788,"href":"https:\/\/gestorialaselva.com\/es\/wp-json\/wp\/v2\/pages\/642\/revisions\/2788"}],"wp:attachment":[{"href":"https:\/\/gestorialaselva.com\/es\/wp-json\/wp\/v2\/media?parent=642"}],"curies":[{"name":"wp","href":"https:\/\/api.w.org\/{rel}","templated":true}]}}