{"id":1664,"date":"2017-11-29T15:32:40","date_gmt":"2017-11-29T15:32:40","guid":{"rendered":"http:\/\/assessorialaselva.com\/?page_id=1664"},"modified":"2020-04-19T00:52:59","modified_gmt":"2020-04-18T22:52:59","slug":"no-residentes-extranjeria","status":"publish","type":"page","link":"https:\/\/gestorialaselva.com\/es\/no-residentes-extranjeria\/","title":{"rendered":"NO RESIDENTES \/ EXTRANJER\u00cdA"},"content":{"rendered":"<div id=\"pl-1664\"  class=\"panel-layout\" ><div id=\"pg-1664-0\"  class=\"panel-grid panel-has-style\" ><div class=\"siteorigin-panels-stretch panel-row-style panel-row-style-for-1664-0\" style=\"padding: 0px 0; \" data-stretch-type=\"full-stretched\" data-overlay=\"true\" data-overlay-color=\"#000000\" ><div id=\"pgc-1664-0-0\"  class=\"panel-grid-cell\" ><\/div><\/div><\/div><div id=\"pg-1664-1\"  class=\"panel-grid panel-has-style\" ><div style=\"padding: 100px 0; \" data-overlay=\"true\" data-overlay-color=\"#000000\" class=\"panel-row-style panel-row-style-for-1664-1\" ><div id=\"pgc-1664-1-0\"  class=\"panel-grid-cell\" ><div id=\"panel-1664-1-0-0\" class=\"so-panel widget widget_sow-editor panel-first-child panel-last-child\" data-index=\"1\" ><div style=\"text-align: left;\" data-title-color=\"#443f3f\" data-headings-color=\"#443f3f\" class=\"panel-widget-style panel-widget-style-for-1664-1-0-0\" ><div\n\t\t\t\n\t\t\tclass=\"so-widget-sow-editor so-widget-sow-editor-base\"\n\t\t\t\n\t\t><h3 class=\"widget-title\">\u00bfSabes si tienes la condici\u00f3n de residente o de no residente fiscal en Espa\u00f1a?<\/h3>\n<div class=\"siteorigin-widget-tinymce textwidget\">\n\t<p align=\"justify\">Una persona f\u00edsica es residente en territorio espa\u00f1ol cuando se d\u00e9 cualquiera de las siguientes circunstancias:<\/p>\n<ul>\n<li>\n<p align=\"justify\">Que permanezca m\u00e1s de 183 d\u00edas, durante el a\u00f1o natural, en territorio espa\u00f1ol. Para determinar este per\u00edodo de permanencia en territorio espa\u00f1ol se computar\u00e1n las ausencias espor\u00e1dicas salvo que el contribuyente acredite su residencia fiscal en otro pa\u00eds. En el supuesto de pa\u00edses o territorios de los calificados como para\u00edso fiscal, la Administraci\u00f3n tributaria podr\u00e1 exigir que se pruebe la permanencia en el mismo durante 183 d\u00edas en el a\u00f1o natural.<\/p>\n<\/li>\n<li>\n<p align=\"justify\">Que radique en Espa\u00f1a el n\u00facleo principal o la base de sus actividades o intereses econ\u00f3micos de forma directa o indirecta.<\/p>\n<\/li>\n<li>\n<p align=\"justify\">Que residan habitualmente en Espa\u00f1a el c\u00f3nyuge no separado legalmente y los hijos menores de edad que dependan de esta persona f\u00edsica. Este tercer supuesto admite prueba en contrario.<\/p>\n<\/li>\n<\/ul>\n<p align=\"justify\">No perder\u00e1n la condici\u00f3n de contribuyentes por el Impuesto sobre la Renta de las Personas F\u00edsicas, las personas f\u00edsicas de nacionalidad espa\u00f1ola que acrediten su nueva residencia fiscal en un pa\u00eds o territorio calificado como para\u00edso fiscal. Esta regla se aplicar\u00e1 en el periodo impositivo en el que se efect\u00fae el cambio de residencia y durante los cuatro per\u00edodos impositivos siguientes.<\/p>\n<p>Por el contrario, una persona f\u00edsica tendr\u00e1 la consideraci\u00f3n de no residente en Espa\u00f1a cuando no se cumpla ninguno de los requisitos anteriores.<\/p>\n<\/div>\n<\/div><\/div><\/div><\/div><\/div><\/div><div id=\"pg-1664-2\"  class=\"panel-grid panel-has-style\" ><div class=\"siteorigin-panels-stretch panel-row-style panel-row-style-for-1664-2\" style=\"padding: 0px 0; \" data-stretch-type=\"full-stretched\" data-overlay=\"true\" data-overlay-color=\"#000000\" ><div id=\"pgc-1664-2-0\"  class=\"panel-grid-cell panel-grid-cell-empty\" ><\/div><div id=\"pgc-1664-2-1\"  class=\"panel-grid-cell\" ><div id=\"panel-1664-2-1-0\" class=\"so-panel widget widget_sow-editor panel-first-child\" data-index=\"2\" ><div style=\"text-align: left;\" data-title-color=\"#443f3f\" data-headings-color=\"#443f3f\" class=\"panel-widget-style panel-widget-style-for-1664-2-1-0\" ><div\n\t\t\t\n\t\t\tclass=\"so-widget-sow-editor so-widget-sow-editor-base\"\n\t\t\t\n\t\t><h3 class=\"widget-title\">NUESTROS SERVICIOS<\/h3>\n<div class=\"siteorigin-widget-tinymce textwidget\">\n\t<p align=\"justify\">En Assessoria la Selva ofrecemos una amplia gama de servicios profesionales para no residentes. Cons\u00faltenos sin compromiso y le haremos un estudio para saber si est\u00e1s obligado a presentar alg\u00fan tipo de declaraci\u00f3n y de esta manera dar cumplimiento con sus obligaciones legales de acuerdo con la Ley vigente.<\/p>\n<\/div>\n<\/div><\/div><\/div><div id=\"panel-1664-2-1-1\" class=\"so-panel widget widget_sow-editor\" data-index=\"3\" ><div style=\"text-align: left;\" data-title-color=\"#443f3f\" data-headings-color=\"#443f3f\" class=\"panel-widget-style panel-widget-style-for-1664-2-1-1\" ><div\n\t\t\t\n\t\t\tclass=\"so-widget-sow-editor so-widget-sow-editor-base\"\n\t\t\t\n\t\t>\n<div class=\"siteorigin-widget-tinymce textwidget\">\n\t<span class=\"collapseomatic super_duper_trigclass\" id=\"id69ef86d6a9da7\"  tabindex=\"0\" title=\"Fiscalidad internacional y declaraci\u00f3n de impuestos\"    >Fiscalidad internacional y declaraci\u00f3n de impuestos<\/span><div id=\"target-id69ef86d6a9da7\" class=\"collapseomatic_content \"><\/p>\n<ul>\n<li>Asesoramiento sobre la normativa aplicable en la fiscalidad internacional.<\/li>\n<li>Impuesto sobre la renta de no residentes sin establecimiento permanente. El IRNR: \u00bfd\u00f3nde se aplica? \u00bfQui\u00e9n est\u00e1 obligado a tributar?\n<ul>\n<li>Estudio si hay sujeci\u00f3n al impuesto sobre la renta de no residentes (IRNR)<\/li>\n<li>Retenci\u00f3n en la adquisici\u00f3n de bienes inmuebles a no residentes sin establecimiento permanente.<\/li>\n<li>Gravamen especial sobre bienes inmuebles de entidades no residentes.<\/li>\n<li>Rentas obtenidas sin mediaci\u00f3n de establecimiento permanente. Retenciones e ingresos a cuenta (declaraci\u00f3n - documento de ingreso).<\/li>\n<li>Comunicaci\u00f3n del desplazamiento al extranjero efectuada por trabajadores por cuenta ajena.<\/li>\n<li>Declaraci\u00f3n Informativa de cuentas de no residentes sin establecimiento.<\/li>\n<li>Declaraci\u00f3n Informativa de relaci\u00f3n individualizada de los clientes perceptores de beneficios distribuidos por instituciones de inversi\u00f3n colectiva espa\u00f1olas, y de aquellos por cuya cuenta la entidad comercializadora haya efectuado reembolsos o transmisiones de acciones o participaciones.<\/li>\n<li>Resumen anual declaraci\u00f3n Informativa de retenciones e ingresos a cuenta del Impuesto sobre la Renta de no Residentes (sin establecimiento permanente).<\/li>\n<\/ul>\n<\/li>\n<li>Declaraci\u00f3n Informativa sobre bienes y derechos situados en el extranjero.<\/li>\n<li>Los para\u00edsos fiscales.<\/li>\n<li>Los convenios de doble imposici\u00f3n.<\/li>\n<\/ul>\n<p><\/div>\n<\/div>\n<\/div><\/div><\/div><div id=\"panel-1664-2-1-2\" class=\"so-panel widget widget_sow-editor\" data-index=\"4\" ><div style=\"text-align: left;\" data-title-color=\"#443f3f\" data-headings-color=\"#443f3f\" class=\"panel-widget-style panel-widget-style-for-1664-2-1-2\" ><div\n\t\t\t\n\t\t\tclass=\"so-widget-sow-editor so-widget-sow-editor-base\"\n\t\t\t\n\t\t>\n<div class=\"siteorigin-widget-tinymce textwidget\">\n\t<span class=\"collapseomatic super_duper_trigclass\" id=\"id69ef86d6a9ee2\"  tabindex=\"0\" title=\"Obtenci\u00f3n NIE\"    >Obtenci\u00f3n NIE<\/span><div id=\"target-id69ef86d6a9ee2\" class=\"collapseomatic_content \"><\/p>\n<ul>\n<li>Solicitud NIE para la adquisici\u00f3n de inmuebles.<\/li>\n<li>Solicitud NIE por intereses econ\u00f3micos, compraventa participaciones sociales, constituci\u00f3n de sociedad, inversi\u00f3n en acciones, etc.<\/li>\n<li>Solicitud NIE por intereses profesionales.<\/li>\n<li>Solicitud NIE por intereses sociales.<\/li>\n<\/ul>\n<p><\/div>\n<\/div>\n<\/div><\/div><\/div><div id=\"panel-1664-2-1-3\" class=\"so-panel widget widget_sow-editor\" data-index=\"5\" ><div style=\"text-align: left;\" data-title-color=\"#443f3f\" data-headings-color=\"#443f3f\" class=\"panel-widget-style panel-widget-style-for-1664-2-1-3\" ><div\n\t\t\t\n\t\t\tclass=\"so-widget-sow-editor so-widget-sow-editor-base\"\n\t\t\t\n\t\t>\n<div class=\"siteorigin-widget-tinymce textwidget\">\n\t<span class=\"collapseomatic super_duper_trigclass\" id=\"id69ef86d6aa01d\"  tabindex=\"0\" title=\"Real Estate\"    >Real Estate<\/span><div id=\"target-id69ef86d6aa01d\" class=\"collapseomatic_content \"><\/p>\n<ul>\n<li>Asesoramiento en la adquisici\u00f3n de inmuebles.<\/li>\n<li>Obtenci\u00f3n NIE.<\/li>\n<li>Gesti\u00f3n integral de la compraventa de inmuebles.<\/li>\n<li>Tramitaci\u00f3n de certificaci\u00f3n energ\u00e9tica, c\u00e9dula de habitabilidad, etc.<\/li>\n<\/ul>\n<p><\/div>\n<\/div>\n<\/div><\/div><\/div><div id=\"panel-1664-2-1-4\" class=\"so-panel widget widget_sow-button panel-last-child\" data-index=\"6\" ><div style=\"text-align: left;\" data-title-color=\"#443f3f\" data-headings-color=\"#443f3f\" class=\"panel-widget-style panel-widget-style-for-1664-2-1-4\" ><div\n\t\t\t\n\t\t\tclass=\"so-widget-sow-button so-widget-sow-button-wire-3366f1db512c-1664\"\n\t\t\t\n\t\t><div class=\"ow-button-base ow-button-align-center\">\n\t<a\n\thref=\"#\"\n\t\tclass=\"ow-icon-placement-left ow-button-hover\" \t>\n\t\t<span>\n\t\t\t\n\t\t\tContactar\t\t<\/span>\n\t<\/a>\n<\/div>\n<\/div><\/div><\/div><\/div><div id=\"pgc-1664-2-2\"  class=\"panel-grid-cell panel-grid-cell-empty\" ><\/div><div id=\"pgc-1664-2-3\"  class=\"panel-grid-cell\" ><\/div><\/div><\/div><div id=\"pg-1664-3\"  class=\"panel-grid panel-has-style\" ><div class=\"siteorigin-panels-stretch panel-row-style panel-row-style-for-1664-3\" style=\"background-image: url(https:\/\/gestorialaselva.com\/es\/wp-content\/uploads\/sites\/3\/2015\/09\/Contact_us-1024x683.jpg);padding: 0px 0; \" data-stretch-type=\"full-stretched\" data-hasbg=\"hasbg\" data-overlay=\"true\" data-overlay-color=\"#000000\" ><div id=\"pgc-1664-3-0\"  class=\"panel-grid-cell\" ><div id=\"panel-1664-3-0-0\" class=\"so-panel widget widget_sow-editor panel-first-child panel-last-child\" data-index=\"11\" ><div style=\"text-align: left;\" data-title-color=\"#443f3f\" data-headings-color=\"#443f3f\" class=\"panel-widget-style panel-widget-style-for-1664-3-0-0\" ><div\n\t\t\t\n\t\t\tclass=\"so-widget-sow-editor so-widget-sow-editor-base\"\n\t\t\t\n\t\t>\n<div class=\"siteorigin-widget-tinymce textwidget\">\n\t<h2 style=\"text-align: center;\"><span style=\"color: #ffffff;\">CONTACTAR<\/span><\/h2>\n<\/div>\n<\/div><\/div><\/div><\/div><\/div><\/div><div id=\"pg-1664-4\"  class=\"panel-grid panel-has-style\" ><div style=\"padding: 25px 0; \" data-overlay=\"true\" data-overlay-color=\"#000000\" class=\"panel-row-style panel-row-style-for-1664-4\" ><div id=\"pgc-1664-4-0\"  class=\"panel-grid-cell\" ><div id=\"panel-1664-4-0-0\" class=\"so-panel widget widget_sow-editor panel-first-child panel-last-child\" data-index=\"12\" ><div style=\"text-align: left;\" data-title-color=\"#443f3f\" data-headings-color=\"#443f3f\" class=\"panel-widget-style panel-widget-style-for-1664-4-0-0\" ><div\n\t\t\t\n\t\t\tclass=\"so-widget-sow-editor so-widget-sow-editor-base\"\n\t\t\t\n\t\t>\n<div class=\"siteorigin-widget-tinymce textwidget\">\n\t<p style=\"text-align: center;\">\n<div class=\"wpcf7 no-js\" id=\"wpcf7-f2570-o1\" lang=\"es-ES\" dir=\"ltr\">\n<div class=\"screen-reader-response\"><p role=\"status\" aria-live=\"polite\" aria-atomic=\"true\"><\/p> <ul><\/ul><\/div>\n<form action=\"\/es\/wp-json\/wp\/v2\/pages\/1664#wpcf7-f2570-o1\" method=\"post\" class=\"wpcf7-form init wpcf7-acceptance-as-validation\" aria-label=\"Formulario de contacto\" enctype=\"multipart\/form-data\" novalidate=\"novalidate\" data-status=\"init\">\n<div style=\"display: none;\">\n<input type=\"hidden\" name=\"_wpcf7\" value=\"2570\" \/>\n<input type=\"hidden\" name=\"_wpcf7_version\" value=\"5.9.3\" \/>\n<input type=\"hidden\" name=\"_wpcf7_locale\" value=\"es_ES\" \/>\n<input type=\"hidden\" name=\"_wpcf7_unit_tag\" value=\"wpcf7-f2570-o1\" \/>\n<input type=\"hidden\" name=\"_wpcf7_container_post\" value=\"0\" \/>\n<input type=\"hidden\" name=\"_wpcf7_posted_data_hash\" value=\"\" \/>\n<input type=\"hidden\" name=\"_wpcf7_recaptcha_response\" value=\"\" \/>\n<\/div>\n<div class=\"one-half\">\n\t<p><label> <span class=\"wpcf7-form-control-wrap\" data-name=\"your-name\"><input size=\"40\" class=\"wpcf7-form-control wpcf7-text wpcf7-validates-as-required\" aria-required=\"true\" aria-invalid=\"false\" placeholder=\"Nombre y Apellido\" value=\"\" type=\"text\" name=\"your-name\" \/><\/span> <\/label>\n\t<\/p>\n<\/div>\n<div class=\"one-half last\">\n\t<p><label> <span class=\"wpcf7-form-control-wrap\" data-name=\"your-email\"><input size=\"40\" class=\"wpcf7-form-control wpcf7-email wpcf7-validates-as-required wpcf7-text wpcf7-validates-as-email\" aria-required=\"true\" aria-invalid=\"false\" placeholder=\"Email\" value=\"\" type=\"email\" name=\"your-email\" \/><\/span> <\/label>\n\t<\/p>\n<\/div>\n<div class=\"one-half\">\n\t<p><label> <span class=\"wpcf7-form-control-wrap\" data-name=\"your-subject\"><input size=\"40\" class=\"wpcf7-form-control wpcf7-text\" aria-invalid=\"false\" placeholder=\"Asunto\" value=\"\" type=\"text\" name=\"your-subject\" \/><\/span> <\/label>\n\t<\/p>\n<\/div>\n<div class=\"one-half last\">\n\t<p><label> <span class=\"wpcf7-form-control-wrap\" data-name=\"tel-474\"><input size=\"40\" class=\"wpcf7-form-control wpcf7-tel wpcf7-text wpcf7-validates-as-tel\" aria-invalid=\"false\" placeholder=\"Tel\u00e9fono\" value=\"\" type=\"tel\" name=\"tel-474\" \/><\/span> <\/label>\n\t<\/p>\n<\/div>\n<p><label> <span class=\"wpcf7-form-control-wrap\" data-name=\"your-message\"><textarea cols=\"40\" rows=\"10\" class=\"wpcf7-form-control wpcf7-textarea\" aria-invalid=\"false\" placeholder=\"Mensaje\" name=\"your-message\"><\/textarea><\/span> <\/label>\n<\/p>\n<p><label> <span class=\"wpcf7-form-control-wrap\" data-name=\"acceptance-983\"><span class=\"wpcf7-form-control wpcf7-acceptance\"><span class=\"wpcf7-list-item\"><label><input type=\"checkbox\" name=\"acceptance-983\" value=\"1\" aria-invalid=\"false\" \/><span class=\"wpcf7-list-item-label\">Acepto las clausulas de  <a href=\"https:\/\/gestorialaselva.com\/politica-de-privacitat\/\">Pol\u00edtica de Privacidad<\/a><\/span><\/label><\/span><\/span><\/span><\/label>\n<\/p>\n<p><label> <span class=\"wpcf7-form-control-wrap\" data-name=\"file-104\"><input size=\"40\" class=\"wpcf7-form-control wpcf7-file\" accept=\"audio\/*,video\/*,image\/*\" aria-invalid=\"false\" type=\"file\" name=\"file-104\" \/><\/span><\/label>\n<\/p>\n<p><input class=\"wpcf7-form-control wpcf7-submit has-spinner\" type=\"submit\" value=\"Enviar\" \/>\n<\/p><p style=\"display: none !important;\" class=\"akismet-fields-container\" data-prefix=\"_wpcf7_ak_\"><label>&#916;<textarea name=\"_wpcf7_ak_hp_textarea\" cols=\"45\" rows=\"8\" maxlength=\"100\"><\/textarea><\/label><input type=\"hidden\" id=\"ak_js_1\" name=\"_wpcf7_ak_js\" value=\"121\"\/><script>document.getElementById( \"ak_js_1\" ).setAttribute( \"value\", ( new Date() ).getTime() );<\/script><\/p><div class=\"wpcf7-response-output\" aria-hidden=\"true\"><\/div>\n<\/form>\n<\/div>\n<\/p>\n<\/div>\n<\/div><\/div><\/div><\/div><\/div><\/div><\/div>","protected":false},"excerpt":{"rendered":"<p>Una persona f\u00edsica es residente en territorio espa\u00f1ol cuando se d\u00e9 cualquiera de las siguientes circunstancias: Que permanezca m\u00e1s de 183 d\u00edas, [&hellip;]<\/p>\n","protected":false},"author":1,"featured_media":0,"parent":0,"menu_order":0,"comment_status":"closed","ping_status":"closed","template":"page-templates\/page_front-page.php","meta":{"footnotes":""},"class_list":["post-1664","page","type-page","status-publish","hentry"],"yoast_head":"<!-- This site is optimized with the Yoast SEO plugin v22.3 - https:\/\/yoast.com\/wordpress\/plugins\/seo\/ -->\n<title>NO RESIDENTES \/ EXTRANJER\u00cdA - GESTORIA LA SELVA, SU GESTOR\u00cdA DE CONFIANZA<\/title>\n<meta name=\"description\" content=\"Consultor\u00eda, Fiscal, Laboral, Contable, Mercantil y Seguros. Assessoria la Selva posa a la seva disposici\u00f3 un servei integral d\u2019assessorament, amb la garantia que la seva empresa es trobar\u00e0 protegida en qualsevol \u00e0mbit tributari, fiscal, comptable, laboral, etc. Ens caracteritzem per oferir una atenci\u00f3 personalitzada i adaptada a les noves tecnologies, oferint un servei individualitzat, exemplar a m\u00e9s a m\u00e9s de l&#039;experi\u00e8ncia, el coneixement del negoci i la formaci\u00f3 cont\u00ednua. El conjunt d\u2019aquets factors ens permeten proporcionar un servei global immillorable.\" \/>\n<meta name=\"robots\" content=\"index, follow, max-snippet:-1, max-image-preview:large, max-video-preview:-1\" \/>\n<link rel=\"canonical\" href=\"https:\/\/gestorialaselva.com\/es\/no-residentes-extranjeria\/\" \/>\n<meta property=\"og:locale\" content=\"es_ES\" \/>\n<meta property=\"og:type\" content=\"article\" \/>\n<meta property=\"og:title\" content=\"NO RESIDENTES \/ EXTRANJER\u00cdA - GESTORIA LA SELVA, SU GESTOR\u00cdA DE CONFIANZA\" \/>\n<meta property=\"og:description\" content=\"Consultor\u00eda, Fiscal, Laboral, Contable, Mercantil y Seguros. Assessoria la Selva posa a la seva disposici\u00f3 un servei integral d\u2019assessorament, amb la garantia que la seva empresa es trobar\u00e0 protegida en qualsevol \u00e0mbit tributari, fiscal, comptable, laboral, etc. Ens caracteritzem per oferir una atenci\u00f3 personalitzada i adaptada a les noves tecnologies, oferint un servei individualitzat, exemplar a m\u00e9s a m\u00e9s de l&#039;experi\u00e8ncia, el coneixement del negoci i la formaci\u00f3 cont\u00ednua. El conjunt d\u2019aquets factors ens permeten proporcionar un servei global immillorable.\" \/>\n<meta property=\"og:url\" content=\"https:\/\/gestorialaselva.com\/es\/no-residentes-extranjeria\/\" \/>\n<meta property=\"og:site_name\" content=\"GESTORIA LA SELVA, SU GESTOR\u00cdA DE CONFIANZA\" \/>\n<meta property=\"article:modified_time\" content=\"2020-04-18T22:52:59+00:00\" \/>\n<meta name=\"twitter:card\" content=\"summary_large_image\" \/>\n<meta name=\"twitter:label1\" content=\"Tiempo de lectura\" \/>\n\t<meta name=\"twitter:data1\" content=\"3 minutos\" \/>\n<script type=\"application\/ld+json\" class=\"yoast-schema-graph\">{\"@context\":\"https:\/\/schema.org\",\"@graph\":[{\"@type\":\"WebPage\",\"@id\":\"https:\/\/gestorialaselva.com\/es\/no-residentes-extranjeria\/\",\"url\":\"https:\/\/gestorialaselva.com\/es\/no-residentes-extranjeria\/\",\"name\":\"NO RESIDENTES \/ EXTRANJER\u00cdA - GESTORIA LA SELVA, SU GESTOR\u00cdA DE CONFIANZA\",\"isPartOf\":{\"@id\":\"https:\/\/gestorialaselva.com\/es\/#website\"},\"datePublished\":\"2017-11-29T15:32:40+00:00\",\"dateModified\":\"2020-04-18T22:52:59+00:00\",\"description\":\"Consultor\u00eda, Fiscal, Laboral, Contable, Mercantil y Seguros. Assessoria la Selva posa a la seva disposici\u00f3 un servei integral d\u2019assessorament, amb la garantia que la seva empresa es trobar\u00e0 protegida en qualsevol \u00e0mbit tributari, fiscal, comptable, laboral, etc. Ens caracteritzem per oferir una atenci\u00f3 personalitzada i adaptada a les noves tecnologies, oferint un servei individualitzat, exemplar a m\u00e9s a m\u00e9s de l'experi\u00e8ncia, el coneixement del negoci i la formaci\u00f3 cont\u00ednua. El conjunt d\u2019aquets factors ens permeten proporcionar un servei global immillorable.\",\"breadcrumb\":{\"@id\":\"https:\/\/gestorialaselva.com\/es\/no-residentes-extranjeria\/#breadcrumb\"},\"inLanguage\":\"es\",\"potentialAction\":[{\"@type\":\"ReadAction\",\"target\":[\"https:\/\/gestorialaselva.com\/es\/no-residentes-extranjeria\/\"]}]},{\"@type\":\"BreadcrumbList\",\"@id\":\"https:\/\/gestorialaselva.com\/es\/no-residentes-extranjeria\/#breadcrumb\",\"itemListElement\":[{\"@type\":\"ListItem\",\"position\":1,\"name\":\"Inici\",\"item\":\"https:\/\/gestorialaselva.com\/es\/\"},{\"@type\":\"ListItem\",\"position\":2,\"name\":\"NO RESIDENTES \/ EXTRANJER\u00cdA\"}]},{\"@type\":\"WebSite\",\"@id\":\"https:\/\/gestorialaselva.com\/es\/#website\",\"url\":\"https:\/\/gestorialaselva.com\/es\/\",\"name\":\"GESTORIA LA SELVA, SU GESTOR\u00cdA DE CONFIANZA\",\"description\":\"Consultor\u00eda, Fiscal, Laboral, Contable, Mercantil y Seguros en Lloret de Mar\",\"potentialAction\":[{\"@type\":\"SearchAction\",\"target\":{\"@type\":\"EntryPoint\",\"urlTemplate\":\"https:\/\/gestorialaselva.com\/es\/?s={search_term_string}\"},\"query-input\":\"required name=search_term_string\"}],\"inLanguage\":\"es\"}]}<\/script>\n<!-- \/ Yoast SEO plugin. -->","yoast_head_json":{"title":"NO RESIDENTES \/ EXTRANJER\u00cdA - GESTORIA LA SELVA, SU GESTOR\u00cdA DE CONFIANZA","description":"Consultor\u00eda, Fiscal, Laboral, Contable, Mercantil y Seguros. Assessoria la Selva posa a la seva disposici\u00f3 un servei integral d\u2019assessorament, amb la garantia que la seva empresa es trobar\u00e0 protegida en qualsevol \u00e0mbit tributari, fiscal, comptable, laboral, etc. Ens caracteritzem per oferir una atenci\u00f3 personalitzada i adaptada a les noves tecnologies, oferint un servei individualitzat, exemplar a m\u00e9s a m\u00e9s de l'experi\u00e8ncia, el coneixement del negoci i la formaci\u00f3 cont\u00ednua. El conjunt d\u2019aquets factors ens permeten proporcionar un servei global immillorable.","robots":{"index":"index","follow":"follow","max-snippet":"max-snippet:-1","max-image-preview":"max-image-preview:large","max-video-preview":"max-video-preview:-1"},"canonical":"https:\/\/gestorialaselva.com\/es\/no-residentes-extranjeria\/","og_locale":"es_ES","og_type":"article","og_title":"NO RESIDENTES \/ EXTRANJER\u00cdA - GESTORIA LA SELVA, SU GESTOR\u00cdA DE CONFIANZA","og_description":"Consultor\u00eda, Fiscal, Laboral, Contable, Mercantil y Seguros. Assessoria la Selva posa a la seva disposici\u00f3 un servei integral d\u2019assessorament, amb la garantia que la seva empresa es trobar\u00e0 protegida en qualsevol \u00e0mbit tributari, fiscal, comptable, laboral, etc. Ens caracteritzem per oferir una atenci\u00f3 personalitzada i adaptada a les noves tecnologies, oferint un servei individualitzat, exemplar a m\u00e9s a m\u00e9s de l'experi\u00e8ncia, el coneixement del negoci i la formaci\u00f3 cont\u00ednua. El conjunt d\u2019aquets factors ens permeten proporcionar un servei global immillorable.","og_url":"https:\/\/gestorialaselva.com\/es\/no-residentes-extranjeria\/","og_site_name":"GESTORIA LA SELVA, SU GESTOR\u00cdA DE CONFIANZA","article_modified_time":"2020-04-18T22:52:59+00:00","twitter_card":"summary_large_image","twitter_misc":{"Tiempo de lectura":"3 minutos"},"schema":{"@context":"https:\/\/schema.org","@graph":[{"@type":"WebPage","@id":"https:\/\/gestorialaselva.com\/es\/no-residentes-extranjeria\/","url":"https:\/\/gestorialaselva.com\/es\/no-residentes-extranjeria\/","name":"NO RESIDENTES \/ EXTRANJER\u00cdA - GESTORIA LA SELVA, SU GESTOR\u00cdA DE CONFIANZA","isPartOf":{"@id":"https:\/\/gestorialaselva.com\/es\/#website"},"datePublished":"2017-11-29T15:32:40+00:00","dateModified":"2020-04-18T22:52:59+00:00","description":"Consultor\u00eda, Fiscal, Laboral, Contable, Mercantil y Seguros. Assessoria la Selva posa a la seva disposici\u00f3 un servei integral d\u2019assessorament, amb la garantia que la seva empresa es trobar\u00e0 protegida en qualsevol \u00e0mbit tributari, fiscal, comptable, laboral, etc. Ens caracteritzem per oferir una atenci\u00f3 personalitzada i adaptada a les noves tecnologies, oferint un servei individualitzat, exemplar a m\u00e9s a m\u00e9s de l'experi\u00e8ncia, el coneixement del negoci i la formaci\u00f3 cont\u00ednua. El conjunt d\u2019aquets factors ens permeten proporcionar un servei global immillorable.","breadcrumb":{"@id":"https:\/\/gestorialaselva.com\/es\/no-residentes-extranjeria\/#breadcrumb"},"inLanguage":"es","potentialAction":[{"@type":"ReadAction","target":["https:\/\/gestorialaselva.com\/es\/no-residentes-extranjeria\/"]}]},{"@type":"BreadcrumbList","@id":"https:\/\/gestorialaselva.com\/es\/no-residentes-extranjeria\/#breadcrumb","itemListElement":[{"@type":"ListItem","position":1,"name":"Inici","item":"https:\/\/gestorialaselva.com\/es\/"},{"@type":"ListItem","position":2,"name":"NO RESIDENTES \/ EXTRANJER\u00cdA"}]},{"@type":"WebSite","@id":"https:\/\/gestorialaselva.com\/es\/#website","url":"https:\/\/gestorialaselva.com\/es\/","name":"GESTORIA LA SELVA, SU GESTOR\u00cdA DE CONFIANZA","description":"Consultor\u00eda, Fiscal, Laboral, Contable, Mercantil y Seguros en Lloret de Mar","potentialAction":[{"@type":"SearchAction","target":{"@type":"EntryPoint","urlTemplate":"https:\/\/gestorialaselva.com\/es\/?s={search_term_string}"},"query-input":"required name=search_term_string"}],"inLanguage":"es"}]}},"_links":{"self":[{"href":"https:\/\/gestorialaselva.com\/es\/wp-json\/wp\/v2\/pages\/1664","targetHints":{"allow":["GET"]}}],"collection":[{"href":"https:\/\/gestorialaselva.com\/es\/wp-json\/wp\/v2\/pages"}],"about":[{"href":"https:\/\/gestorialaselva.com\/es\/wp-json\/wp\/v2\/types\/page"}],"author":[{"embeddable":true,"href":"https:\/\/gestorialaselva.com\/es\/wp-json\/wp\/v2\/users\/1"}],"replies":[{"embeddable":true,"href":"https:\/\/gestorialaselva.com\/es\/wp-json\/wp\/v2\/comments?post=1664"}],"version-history":[{"count":28,"href":"https:\/\/gestorialaselva.com\/es\/wp-json\/wp\/v2\/pages\/1664\/revisions"}],"predecessor-version":[{"id":2647,"href":"https:\/\/gestorialaselva.com\/es\/wp-json\/wp\/v2\/pages\/1664\/revisions\/2647"}],"wp:attachment":[{"href":"https:\/\/gestorialaselva.com\/es\/wp-json\/wp\/v2\/media?parent=1664"}],"curies":[{"name":"wp","href":"https:\/\/api.w.org\/{rel}","templated":true}]}}