{"id":1422,"date":"2017-11-20T16:40:28","date_gmt":"2017-11-20T16:40:28","guid":{"rendered":"http:\/\/assessorialaselva.com\/?page_id=1422"},"modified":"2023-10-02T10:28:23","modified_gmt":"2023-10-02T08:28:23","slug":"asesoramiento-empresarial-consultoria","status":"publish","type":"page","link":"https:\/\/gestorialaselva.com\/es\/asesoramiento-empresarial-consultoria\/","title":{"rendered":"ASESORAMIENTO EMPRESARIAL- CONSULTOR\u00cdA"},"content":{"rendered":"<div id=\"pl-1422\"  class=\"panel-layout\" ><div id=\"pg-1422-0\"  class=\"panel-grid panel-has-style\" ><div class=\"siteorigin-panels-stretch panel-row-style panel-row-style-for-1422-0\" style=\"padding: 0px 0; \" data-stretch-type=\"full-stretched\" data-overlay=\"true\" data-overlay-color=\"#000000\" ><div id=\"pgc-1422-0-0\"  class=\"panel-grid-cell\" ><div id=\"panel-1422-0-0-0\" class=\"so-panel widget widget_sow-image panel-first-child panel-last-child\" data-index=\"0\" ><div style=\"text-align: left;\" data-title-color=\"#443f3f\" data-headings-color=\"#443f3f\" class=\"panel-widget-style panel-widget-style-for-1422-0-0-0\" ><div\n\t\t\t\n\t\t\tclass=\"so-widget-sow-image so-widget-sow-image-default-dbf295114b96-1422\"\n\t\t\t\n\t\t>\n\n<div class=\"sow-image-container\">\n\t\t<img loading=\"lazy\" decoding=\"async\" src=\"https:\/\/gestorialaselva.com\/es\/wp-content\/uploads\/sites\/3\/2019\/11\/ASESORAMIENTO_EMPRESARIAL.jpg\" width=\"1920\" height=\"639\" srcset=\"https:\/\/gestorialaselva.com\/es\/wp-content\/uploads\/sites\/3\/2019\/11\/ASESORAMIENTO_EMPRESARIAL.jpg 1920w, https:\/\/gestorialaselva.com\/es\/wp-content\/uploads\/sites\/3\/2019\/11\/ASESORAMIENTO_EMPRESARIAL-300x100.jpg 300w, https:\/\/gestorialaselva.com\/es\/wp-content\/uploads\/sites\/3\/2019\/11\/ASESORAMIENTO_EMPRESARIAL-768x256.jpg 768w, https:\/\/gestorialaselva.com\/es\/wp-content\/uploads\/sites\/3\/2019\/11\/ASESORAMIENTO_EMPRESARIAL-1024x341.jpg 1024w, https:\/\/gestorialaselva.com\/es\/wp-content\/uploads\/sites\/3\/2019\/11\/ASESORAMIENTO_EMPRESARIAL-830x276.jpg 830w, https:\/\/gestorialaselva.com\/es\/wp-content\/uploads\/sites\/3\/2019\/11\/ASESORAMIENTO_EMPRESARIAL-230x77.jpg 230w, https:\/\/gestorialaselva.com\/es\/wp-content\/uploads\/sites\/3\/2019\/11\/ASESORAMIENTO_EMPRESARIAL-350x116.jpg 350w, https:\/\/gestorialaselva.com\/es\/wp-content\/uploads\/sites\/3\/2019\/11\/ASESORAMIENTO_EMPRESARIAL-480x160.jpg 480w, https:\/\/gestorialaselva.com\/es\/wp-content\/uploads\/sites\/3\/2019\/11\/ASESORAMIENTO_EMPRESARIAL-24x8.jpg 24w, https:\/\/gestorialaselva.com\/es\/wp-content\/uploads\/sites\/3\/2019\/11\/ASESORAMIENTO_EMPRESARIAL-36x12.jpg 36w, https:\/\/gestorialaselva.com\/es\/wp-content\/uploads\/sites\/3\/2019\/11\/ASESORAMIENTO_EMPRESARIAL-48x16.jpg 48w\" sizes=\"auto, (max-width: 1920px) 100vw, 1920px\" title=\"\u00bfNO SABES POR DONDE EMPEZAR?\" alt=\"CONSULTORIA FISCAL EN LLORET DE MAR\" \t\tclass=\"so-widget-image\"\/>\n\t<\/div>\n\n<\/div><\/div><\/div><\/div><\/div><\/div><div id=\"pg-1422-1\"  class=\"panel-grid panel-has-style\" ><div style=\"padding: 50px 0; \" data-overlay=\"true\" data-overlay-color=\"#000000\" class=\"panel-row-style panel-row-style-for-1422-1\" ><div id=\"pgc-1422-1-0\"  class=\"panel-grid-cell\" ><div id=\"panel-1422-1-0-0\" class=\"so-panel widget widget_sow-editor panel-first-child panel-last-child\" data-index=\"1\" ><div style=\"text-align: left;\" data-title-color=\"#443f3f\" data-headings-color=\"#443f3f\" class=\"panel-widget-style panel-widget-style-for-1422-1-0-0\" ><div\n\t\t\t\n\t\t\tclass=\"so-widget-sow-editor so-widget-sow-editor-base\"\n\t\t\t\n\t\t>\n<div class=\"siteorigin-widget-tinymce textwidget\">\n\t<h4 style=\"text-align: center;\"><strong>El inicio empresarial y su asesoramiento est\u00e1n estrechamente relacionados entre s\u00ed, ya que solo con un buen asesoramiento se puede crear una empresa fuerte y estable. <\/strong><\/h4>\n<\/div>\n<\/div><\/div><\/div><\/div><\/div><\/div><div id=\"pg-1422-2\"  class=\"panel-grid panel-has-style\" ><div class=\"siteorigin-panels-stretch panel-row-style panel-row-style-for-1422-2\" style=\"padding: 0px 0; \" data-stretch-type=\"full-stretched\" data-overlay=\"true\" data-overlay-color=\"#000000\" ><div id=\"pgc-1422-2-0\"  class=\"panel-grid-cell\" ><div id=\"panel-1422-2-0-0\" class=\"so-panel widget widget_sow-image panel-first-child panel-last-child\" data-index=\"2\" ><div style=\"text-align: left;\" data-title-color=\"#443f3f\" data-headings-color=\"#443f3f\" class=\"panel-widget-style panel-widget-style-for-1422-2-0-0\" ><div\n\t\t\t\n\t\t\tclass=\"so-widget-sow-image so-widget-sow-image-default-8b5b6f678277-1422\"\n\t\t\t\n\t\t>\n\n<div class=\"sow-image-container\">\n\t\t<img loading=\"lazy\" decoding=\"async\" src=\"https:\/\/gestorialaselva.com\/es\/wp-content\/uploads\/sites\/3\/2017\/11\/assessoria-la-selva-exito.jpg\" width=\"1920\" height=\"1280\" srcset=\"https:\/\/gestorialaselva.com\/es\/wp-content\/uploads\/sites\/3\/2017\/11\/assessoria-la-selva-exito.jpg 1920w, https:\/\/gestorialaselva.com\/es\/wp-content\/uploads\/sites\/3\/2017\/11\/assessoria-la-selva-exito-300x200.jpg 300w, https:\/\/gestorialaselva.com\/es\/wp-content\/uploads\/sites\/3\/2017\/11\/assessoria-la-selva-exito-768x512.jpg 768w, https:\/\/gestorialaselva.com\/es\/wp-content\/uploads\/sites\/3\/2017\/11\/assessoria-la-selva-exito-1024x683.jpg 1024w, https:\/\/gestorialaselva.com\/es\/wp-content\/uploads\/sites\/3\/2017\/11\/assessoria-la-selva-exito-1568x1045.jpg 1568w, https:\/\/gestorialaselva.com\/es\/wp-content\/uploads\/sites\/3\/2017\/11\/assessoria-la-selva-exito-24x16.jpg 24w, https:\/\/gestorialaselva.com\/es\/wp-content\/uploads\/sites\/3\/2017\/11\/assessoria-la-selva-exito-36x24.jpg 36w, https:\/\/gestorialaselva.com\/es\/wp-content\/uploads\/sites\/3\/2017\/11\/assessoria-la-selva-exito-48x32.jpg 48w, https:\/\/gestorialaselva.com\/es\/wp-content\/uploads\/sites\/3\/2017\/11\/assessoria-la-selva-exito-272x182.jpg 272w\" sizes=\"auto, (max-width: 1920px) 100vw, 1920px\" title=\"Assessoria-la-Selva-Gestoria-Asesoria-fiscal-contable-laboral-seguros-Lloret-de-mar \" alt=\"Gestoria en Lloret de mar; asesoria en Lloret de mar; gestorias en Lloret de mar; asesorias en Lloret de mar; gestories a Lloret de mar; assessories a Lloret de mar; assessoria a Lloret; asesoria la selva; asesoria laboral en lloret de mar; seguros lloret de mar; contable; contabilidad; fiscal; fiscal Lloret de mar; correduria de seguros Lloret de mar; gestor Lloret de mar; asesor Lloret de mar; asesor\u00eda fiscal; gestor\u00eda fiscal;\" \t\tclass=\"so-widget-image\"\/>\n\t<\/div>\n\n<\/div><\/div><\/div><\/div><div id=\"pgc-1422-2-1\"  class=\"panel-grid-cell panel-grid-cell-mobile-last\" ><div id=\"panel-1422-2-1-0\" class=\"so-panel widget widget_sow-editor panel-first-child\" data-index=\"3\" ><div style=\"text-align: left;\" data-title-color=\"#443f3f\" data-headings-color=\"#443f3f\" class=\"panel-widget-style panel-widget-style-for-1422-2-1-0\" ><div\n\t\t\t\n\t\t\tclass=\"so-widget-sow-editor so-widget-sow-editor-base\"\n\t\t\t\n\t\t>\n<div class=\"siteorigin-widget-tinymce textwidget\">\n\t<h2 style=\"text-align: center;\">\"Juntos conseguiremos que tu proyecto empresarial sea un \u00e9xito\"<\/h2>\n<h5 style=\"text-align: center;\">Un estudio profesional y personalizado nos permite obtener las mejores ventajas fiscales para tu empresa cumpliendo siempre con la normativa vigente con el objetivo principal de suministrar a los emprendedores toda la informaci\u00f3n necesaria para la toma de decisiones en el proceso de creaci\u00f3n de una empresa.<\/h5>\n<\/div>\n<\/div><\/div><\/div><div id=\"panel-1422-2-1-1\" class=\"so-panel widget widget_sow-button panel-last-child\" data-index=\"4\" ><div style=\"text-align: left;\" data-title-color=\"#443f3f\" data-headings-color=\"#443f3f\" class=\"panel-widget-style panel-widget-style-for-1422-2-1-1\" ><div\n\t\t\t\n\t\t\tclass=\"so-widget-sow-button so-widget-sow-button-wire-3366f1db512c-1422\"\n\t\t\t\n\t\t><div class=\"ow-button-base ow-button-align-center\">\n\t<a\n\thref=\"#pg-1422-4\"\n\t\tclass=\"ow-icon-placement-left ow-button-hover\" \t>\n\t\t<span>\n\t\t\t\n\t\t\tContactar\t\t<\/span>\n\t<\/a>\n<\/div>\n<\/div><\/div><\/div><\/div><div id=\"pgc-1422-2-2\"  class=\"panel-grid-cell panel-grid-cell-empty\" ><\/div><\/div><\/div><div id=\"pg-1422-3\"  class=\"panel-grid panel-has-style\" ><div class=\"siteorigin-panels-stretch panel-row-style panel-row-style-for-1422-3\" style=\"padding: 100px 0; \" data-stretch-type=\"full-stretched\" data-overlay=\"true\" data-overlay-color=\"#000000\" ><div id=\"pgc-1422-3-0\"  class=\"panel-grid-cell panel-grid-cell-empty\" ><\/div><div id=\"pgc-1422-3-1\"  class=\"panel-grid-cell\" ><div id=\"panel-1422-3-1-0\" class=\"so-panel widget widget_sow-editor panel-first-child\" data-index=\"5\" ><div style=\"text-align: left;\" data-title-color=\"#443f3f\" data-headings-color=\"#443f3f\" class=\"panel-widget-style panel-widget-style-for-1422-3-1-0\" ><div\n\t\t\t\n\t\t\tclass=\"so-widget-sow-editor so-widget-sow-editor-base\"\n\t\t\t\n\t\t>\n<div class=\"siteorigin-widget-tinymce textwidget\">\n\t<ul>\n<li>\n<h5>Definici\u00f3n de la forma jur\u00eddica empresarial<\/h5>\n<\/li>\n<li>\n<h5>Operaciones societarias<\/h5>\n<\/li>\n<li>\n<h5>Consejo sobre contrataci\u00f3n mercantil<\/h5>\n<\/li>\n<li>\n<h5>\u00c1mbito de aplicaci\u00f3n de normativas generales o sectoriales<\/h5>\n<\/li>\n<li>\n<h5>Servicios comerciales:<\/h5>\n<ul>\n<li>Definici\u00f3n de estrategias comerciales<\/li>\n<li>Definici\u00f3n de pol\u00edticas de comunicaci\u00f3n<\/li>\n<\/ul>\n<\/li>\n<\/ul>\n<\/div>\n<\/div><\/div><\/div><div id=\"panel-1422-3-1-1\" class=\"so-panel widget widget_sow-editor\" data-index=\"6\" ><div style=\"text-align: left;\" data-title-color=\"#443f3f\" data-headings-color=\"#443f3f\" class=\"panel-widget-style panel-widget-style-for-1422-3-1-1\" ><div\n\t\t\t\n\t\t\tclass=\"so-widget-sow-editor so-widget-sow-editor-base\"\n\t\t\t\n\t\t>\n<div class=\"siteorigin-widget-tinymce textwidget\">\n\t<ul>\n<li>\n<h5>Servicios econ\u00f3mico-financieros:<\/h5>\n<ul>\n<li>An\u00e1lisis de estados financieros<\/li>\n<li>Ayuda para la investigaci\u00f3n de financiaci\u00f3n<\/li>\n<li>Consejo sobre v\u00edas de financiaci\u00f3n alternativas<\/li>\n<\/ul>\n<\/li>\n<\/ul>\n<ul>\n<li>\n<h5>Servicios contables-fiscales:<\/h5>\n<ul>\n<li>Consejo sobre la gesti\u00f3n de la contabilidad<\/li>\n<li>\u00c1mbito de aplicaci\u00f3n de normativa tributaria<\/li>\n<li>Consejo sobre programas inform\u00e1ticos dirigidos a llevar contabilidad y fiscalidad<\/li>\n<\/ul>\n<\/li>\n<\/ul>\n<\/div>\n<\/div><\/div><\/div><div id=\"panel-1422-3-1-2\" class=\"so-panel widget widget_sow-editor panel-last-child\" data-index=\"7\" ><div style=\"text-align: left;\" data-title-color=\"#443f3f\" data-headings-color=\"#443f3f\" class=\"panel-widget-style panel-widget-style-for-1422-3-1-2\" ><div\n\t\t\t\n\t\t\tclass=\"so-widget-sow-editor so-widget-sow-editor-base\"\n\t\t\t\n\t\t>\n<div class=\"siteorigin-widget-tinymce textwidget\">\n\t<ul>\n<li>\n<h5>Servicios laborales i Recursos Humanos:<\/h5>\n<ul>\n<li>C\u00e1lculo de gastos de personal y simulaciones de contrataci\u00f3n<\/li>\n<li>Consejo sobre contrataci\u00f3n laboral<\/li>\n<li>Definici\u00f3n de procesos de selecci\u00f3n<\/li>\n<\/ul>\n<\/li>\n<\/ul>\n<\/div>\n<\/div><\/div><\/div><\/div><div id=\"pgc-1422-3-2\"  class=\"panel-grid-cell\" ><\/div><\/div><\/div><div id=\"pg-1422-4\"  class=\"panel-grid panel-has-style\" ><div class=\"siteorigin-panels-stretch panel-row-style panel-row-style-for-1422-4\" style=\"background-image: url(https:\/\/gestorialaselva.com\/es\/wp-content\/uploads\/sites\/3\/2015\/09\/Contact_us-1024x683.jpg);padding: 75px 0; \" data-stretch-type=\"full-stretched\" data-hasbg=\"hasbg\" data-overlay=\"true\" data-overlay-color=\"#000000\" ><div id=\"pgc-1422-4-0\"  class=\"panel-grid-cell\" ><div id=\"panel-1422-4-0-0\" class=\"so-panel widget widget_sow-editor panel-first-child panel-last-child\" data-index=\"11\" ><div style=\"text-align: left;\" data-title-color=\"#443f3f\" data-headings-color=\"#443f3f\" class=\"panel-widget-style panel-widget-style-for-1422-4-0-0\" ><div\n\t\t\t\n\t\t\tclass=\"so-widget-sow-editor so-widget-sow-editor-base\"\n\t\t\t\n\t\t>\n<div class=\"siteorigin-widget-tinymce textwidget\">\n\t<h2 style=\"text-align: center;\"><span style=\"color: #ffffff;\"><br \/>\n\u00bfTienes alguna duda? Cont\u00e1ctanos<\/span><\/h2>\n<\/div>\n<\/div><\/div><\/div><\/div><\/div><\/div><div id=\"pg-1422-5\"  class=\"panel-grid panel-has-style\" ><div style=\"padding: 50px 0; \" data-overlay=\"true\" data-overlay-color=\"#000000\" class=\"panel-row-style panel-row-style-for-1422-5\" ><div id=\"pgc-1422-5-0\"  class=\"panel-grid-cell\" ><div id=\"panel-1422-5-0-0\" class=\"so-panel widget widget_sow-editor panel-first-child panel-last-child\" data-index=\"12\" ><div style=\"text-align: left;\" data-title-color=\"#443f3f\" data-headings-color=\"#443f3f\" class=\"panel-widget-style panel-widget-style-for-1422-5-0-0\" ><div\n\t\t\t\n\t\t\tclass=\"so-widget-sow-editor so-widget-sow-editor-base\"\n\t\t\t\n\t\t>\n<div class=\"siteorigin-widget-tinymce textwidget\">\n\t<p style=\"text-align: center;\">\n<div class=\"wpcf7 no-js\" id=\"wpcf7-f2570-o1\" lang=\"es-ES\" dir=\"ltr\">\n<div class=\"screen-reader-response\"><p role=\"status\" aria-live=\"polite\" aria-atomic=\"true\"><\/p> <ul><\/ul><\/div>\n<form action=\"\/es\/wp-json\/wp\/v2\/pages\/1422#wpcf7-f2570-o1\" method=\"post\" class=\"wpcf7-form init wpcf7-acceptance-as-validation\" aria-label=\"Formulario de contacto\" enctype=\"multipart\/form-data\" novalidate=\"novalidate\" data-status=\"init\">\n<div style=\"display: none;\">\n<input type=\"hidden\" name=\"_wpcf7\" value=\"2570\" \/>\n<input type=\"hidden\" name=\"_wpcf7_version\" value=\"5.9.3\" \/>\n<input type=\"hidden\" name=\"_wpcf7_locale\" value=\"es_ES\" \/>\n<input type=\"hidden\" name=\"_wpcf7_unit_tag\" value=\"wpcf7-f2570-o1\" \/>\n<input type=\"hidden\" name=\"_wpcf7_container_post\" value=\"0\" \/>\n<input type=\"hidden\" name=\"_wpcf7_posted_data_hash\" value=\"\" \/>\n<input type=\"hidden\" name=\"_wpcf7_recaptcha_response\" value=\"\" \/>\n<\/div>\n<div class=\"one-half\">\n\t<p><label> <span class=\"wpcf7-form-control-wrap\" data-name=\"your-name\"><input size=\"40\" class=\"wpcf7-form-control wpcf7-text wpcf7-validates-as-required\" aria-required=\"true\" aria-invalid=\"false\" placeholder=\"Nombre y Apellido\" value=\"\" type=\"text\" name=\"your-name\" \/><\/span> <\/label>\n\t<\/p>\n<\/div>\n<div class=\"one-half last\">\n\t<p><label> <span class=\"wpcf7-form-control-wrap\" data-name=\"your-email\"><input size=\"40\" class=\"wpcf7-form-control wpcf7-email wpcf7-validates-as-required wpcf7-text wpcf7-validates-as-email\" aria-required=\"true\" aria-invalid=\"false\" placeholder=\"Email\" value=\"\" type=\"email\" name=\"your-email\" \/><\/span> <\/label>\n\t<\/p>\n<\/div>\n<div class=\"one-half\">\n\t<p><label> <span class=\"wpcf7-form-control-wrap\" data-name=\"your-subject\"><input size=\"40\" class=\"wpcf7-form-control wpcf7-text\" aria-invalid=\"false\" placeholder=\"Asunto\" value=\"\" type=\"text\" name=\"your-subject\" \/><\/span> <\/label>\n\t<\/p>\n<\/div>\n<div class=\"one-half last\">\n\t<p><label> <span class=\"wpcf7-form-control-wrap\" data-name=\"tel-474\"><input size=\"40\" class=\"wpcf7-form-control wpcf7-tel wpcf7-text wpcf7-validates-as-tel\" aria-invalid=\"false\" placeholder=\"Tel\u00e9fono\" value=\"\" type=\"tel\" name=\"tel-474\" \/><\/span> <\/label>\n\t<\/p>\n<\/div>\n<p><label> <span class=\"wpcf7-form-control-wrap\" data-name=\"your-message\"><textarea cols=\"40\" rows=\"10\" class=\"wpcf7-form-control wpcf7-textarea\" aria-invalid=\"false\" placeholder=\"Mensaje\" name=\"your-message\"><\/textarea><\/span> <\/label>\n<\/p>\n<p><label> <span class=\"wpcf7-form-control-wrap\" data-name=\"acceptance-983\"><span class=\"wpcf7-form-control wpcf7-acceptance\"><span class=\"wpcf7-list-item\"><label><input type=\"checkbox\" name=\"acceptance-983\" value=\"1\" aria-invalid=\"false\" \/><span class=\"wpcf7-list-item-label\">Acepto las clausulas de  <a href=\"https:\/\/gestorialaselva.com\/politica-de-privacitat\/\">Pol\u00edtica de Privacidad<\/a><\/span><\/label><\/span><\/span><\/span><\/label>\n<\/p>\n<p><label> <span class=\"wpcf7-form-control-wrap\" data-name=\"file-104\"><input size=\"40\" class=\"wpcf7-form-control wpcf7-file\" accept=\"audio\/*,video\/*,image\/*\" aria-invalid=\"false\" type=\"file\" name=\"file-104\" \/><\/span><\/label>\n<\/p>\n<p><input class=\"wpcf7-form-control wpcf7-submit has-spinner\" type=\"submit\" value=\"Enviar\" \/>\n<\/p><p style=\"display: none !important;\" class=\"akismet-fields-container\" data-prefix=\"_wpcf7_ak_\"><label>&#916;<textarea name=\"_wpcf7_ak_hp_textarea\" cols=\"45\" rows=\"8\" maxlength=\"100\"><\/textarea><\/label><input type=\"hidden\" id=\"ak_js_1\" name=\"_wpcf7_ak_js\" value=\"237\"\/><script>document.getElementById( \"ak_js_1\" ).setAttribute( \"value\", ( new Date() ).getTime() );<\/script><\/p><div class=\"wpcf7-response-output\" aria-hidden=\"true\"><\/div>\n<\/form>\n<\/div>\n<\/p>\n<\/div>\n<\/div><\/div><\/div><\/div><\/div><\/div><\/div>","protected":false},"excerpt":{"rendered":"<p>El inicio empresarial y su asesoramiento est\u00e1n estrechamente relacionados entre s\u00ed, ya que solo con un buen asesoramiento se puede crear una [&hellip;]<\/p>\n","protected":false},"author":1,"featured_media":0,"parent":0,"menu_order":0,"comment_status":"closed","ping_status":"closed","template":"page-templates\/page_front-page.php","meta":{"footnotes":""},"class_list":["post-1422","page","type-page","status-publish","hentry"],"yoast_head":"<!-- This site is optimized with the Yoast SEO plugin v22.3 - https:\/\/yoast.com\/wordpress\/plugins\/seo\/ -->\n<title>ASESORAMIENTO EMPRESARIAL- CONSULTOR\u00cdA - GESTORIA LA SELVA, SU GESTOR\u00cdA DE CONFIANZA<\/title>\n<meta name=\"description\" content=\"Consultor\u00eda, Fiscal, Laboral, Contable, Mercantil y Seguros. Assessoria la Selva posa a la seva disposici\u00f3 un servei integral d\u2019assessorament, amb la garantia que la seva empresa es trobar\u00e0 protegida en qualsevol \u00e0mbit tributari, fiscal, comptable, laboral, etc. Ens caracteritzem per oferir una atenci\u00f3 personalitzada i adaptada a les noves tecnologies, oferint un servei individualitzat, exemplar a m\u00e9s a m\u00e9s de l&#039;experi\u00e8ncia, el coneixement del negoci i la formaci\u00f3 cont\u00ednua. El conjunt d\u2019aquets factors ens permeten proporcionar un servei global immillorable.\" \/>\n<meta name=\"robots\" content=\"index, follow, max-snippet:-1, max-image-preview:large, max-video-preview:-1\" \/>\n<link rel=\"canonical\" href=\"https:\/\/gestorialaselva.com\/es\/asesoramiento-empresarial-consultoria\/\" \/>\n<meta property=\"og:locale\" content=\"es_ES\" \/>\n<meta property=\"og:type\" content=\"article\" \/>\n<meta property=\"og:title\" content=\"ASESORAMIENTO EMPRESARIAL- CONSULTOR\u00cdA - GESTORIA LA SELVA, SU GESTOR\u00cdA DE CONFIANZA\" \/>\n<meta property=\"og:description\" content=\"Consultor\u00eda, Fiscal, Laboral, Contable, Mercantil y Seguros. Assessoria la Selva posa a la seva disposici\u00f3 un servei integral d\u2019assessorament, amb la garantia que la seva empresa es trobar\u00e0 protegida en qualsevol \u00e0mbit tributari, fiscal, comptable, laboral, etc. Ens caracteritzem per oferir una atenci\u00f3 personalitzada i adaptada a les noves tecnologies, oferint un servei individualitzat, exemplar a m\u00e9s a m\u00e9s de l&#039;experi\u00e8ncia, el coneixement del negoci i la formaci\u00f3 cont\u00ednua. El conjunt d\u2019aquets factors ens permeten proporcionar un servei global immillorable.\" \/>\n<meta property=\"og:url\" content=\"https:\/\/gestorialaselva.com\/es\/asesoramiento-empresarial-consultoria\/\" \/>\n<meta property=\"og:site_name\" content=\"GESTORIA LA SELVA, SU GESTOR\u00cdA DE CONFIANZA\" \/>\n<meta property=\"article:modified_time\" content=\"2023-10-02T08:28:23+00:00\" \/>\n<meta name=\"twitter:card\" content=\"summary_large_image\" \/>\n<meta name=\"twitter:label1\" content=\"Tiempo de lectura\" \/>\n\t<meta name=\"twitter:data1\" content=\"2 minutos\" \/>\n<script type=\"application\/ld+json\" class=\"yoast-schema-graph\">{\"@context\":\"https:\/\/schema.org\",\"@graph\":[{\"@type\":\"WebPage\",\"@id\":\"https:\/\/gestorialaselva.com\/es\/asesoramiento-empresarial-consultoria\/\",\"url\":\"https:\/\/gestorialaselva.com\/es\/asesoramiento-empresarial-consultoria\/\",\"name\":\"ASESORAMIENTO EMPRESARIAL- CONSULTOR\u00cdA - GESTORIA LA SELVA, SU GESTOR\u00cdA DE CONFIANZA\",\"isPartOf\":{\"@id\":\"https:\/\/gestorialaselva.com\/es\/#website\"},\"datePublished\":\"2017-11-20T16:40:28+00:00\",\"dateModified\":\"2023-10-02T08:28:23+00:00\",\"description\":\"Consultor\u00eda, Fiscal, Laboral, Contable, Mercantil y Seguros. Assessoria la Selva posa a la seva disposici\u00f3 un servei integral d\u2019assessorament, amb la garantia que la seva empresa es trobar\u00e0 protegida en qualsevol \u00e0mbit tributari, fiscal, comptable, laboral, etc. Ens caracteritzem per oferir una atenci\u00f3 personalitzada i adaptada a les noves tecnologies, oferint un servei individualitzat, exemplar a m\u00e9s a m\u00e9s de l'experi\u00e8ncia, el coneixement del negoci i la formaci\u00f3 cont\u00ednua. El conjunt d\u2019aquets factors ens permeten proporcionar un servei global immillorable.\",\"breadcrumb\":{\"@id\":\"https:\/\/gestorialaselva.com\/es\/asesoramiento-empresarial-consultoria\/#breadcrumb\"},\"inLanguage\":\"es\",\"potentialAction\":[{\"@type\":\"ReadAction\",\"target\":[\"https:\/\/gestorialaselva.com\/es\/asesoramiento-empresarial-consultoria\/\"]}]},{\"@type\":\"BreadcrumbList\",\"@id\":\"https:\/\/gestorialaselva.com\/es\/asesoramiento-empresarial-consultoria\/#breadcrumb\",\"itemListElement\":[{\"@type\":\"ListItem\",\"position\":1,\"name\":\"Inici\",\"item\":\"https:\/\/gestorialaselva.com\/es\/\"},{\"@type\":\"ListItem\",\"position\":2,\"name\":\"ASESORAMIENTO EMPRESARIAL- CONSULTOR\u00cdA\"}]},{\"@type\":\"WebSite\",\"@id\":\"https:\/\/gestorialaselva.com\/es\/#website\",\"url\":\"https:\/\/gestorialaselva.com\/es\/\",\"name\":\"GESTORIA LA SELVA, SU GESTOR\u00cdA DE CONFIANZA\",\"description\":\"Consultor\u00eda, Fiscal, Laboral, Contable, Mercantil y Seguros en Lloret de Mar\",\"potentialAction\":[{\"@type\":\"SearchAction\",\"target\":{\"@type\":\"EntryPoint\",\"urlTemplate\":\"https:\/\/gestorialaselva.com\/es\/?s={search_term_string}\"},\"query-input\":\"required name=search_term_string\"}],\"inLanguage\":\"es\"}]}<\/script>\n<!-- \/ Yoast SEO plugin. -->","yoast_head_json":{"title":"ASESORAMIENTO EMPRESARIAL- CONSULTOR\u00cdA - GESTORIA LA SELVA, SU GESTOR\u00cdA DE CONFIANZA","description":"Consultor\u00eda, Fiscal, Laboral, Contable, Mercantil y Seguros. Assessoria la Selva posa a la seva disposici\u00f3 un servei integral d\u2019assessorament, amb la garantia que la seva empresa es trobar\u00e0 protegida en qualsevol \u00e0mbit tributari, fiscal, comptable, laboral, etc. Ens caracteritzem per oferir una atenci\u00f3 personalitzada i adaptada a les noves tecnologies, oferint un servei individualitzat, exemplar a m\u00e9s a m\u00e9s de l'experi\u00e8ncia, el coneixement del negoci i la formaci\u00f3 cont\u00ednua. El conjunt d\u2019aquets factors ens permeten proporcionar un servei global immillorable.","robots":{"index":"index","follow":"follow","max-snippet":"max-snippet:-1","max-image-preview":"max-image-preview:large","max-video-preview":"max-video-preview:-1"},"canonical":"https:\/\/gestorialaselva.com\/es\/asesoramiento-empresarial-consultoria\/","og_locale":"es_ES","og_type":"article","og_title":"ASESORAMIENTO EMPRESARIAL- CONSULTOR\u00cdA - GESTORIA LA SELVA, SU GESTOR\u00cdA DE CONFIANZA","og_description":"Consultor\u00eda, Fiscal, Laboral, Contable, Mercantil y Seguros. Assessoria la Selva posa a la seva disposici\u00f3 un servei integral d\u2019assessorament, amb la garantia que la seva empresa es trobar\u00e0 protegida en qualsevol \u00e0mbit tributari, fiscal, comptable, laboral, etc. Ens caracteritzem per oferir una atenci\u00f3 personalitzada i adaptada a les noves tecnologies, oferint un servei individualitzat, exemplar a m\u00e9s a m\u00e9s de l'experi\u00e8ncia, el coneixement del negoci i la formaci\u00f3 cont\u00ednua. El conjunt d\u2019aquets factors ens permeten proporcionar un servei global immillorable.","og_url":"https:\/\/gestorialaselva.com\/es\/asesoramiento-empresarial-consultoria\/","og_site_name":"GESTORIA LA SELVA, SU GESTOR\u00cdA DE CONFIANZA","article_modified_time":"2023-10-02T08:28:23+00:00","twitter_card":"summary_large_image","twitter_misc":{"Tiempo de lectura":"2 minutos"},"schema":{"@context":"https:\/\/schema.org","@graph":[{"@type":"WebPage","@id":"https:\/\/gestorialaselva.com\/es\/asesoramiento-empresarial-consultoria\/","url":"https:\/\/gestorialaselva.com\/es\/asesoramiento-empresarial-consultoria\/","name":"ASESORAMIENTO EMPRESARIAL- CONSULTOR\u00cdA - GESTORIA LA SELVA, SU GESTOR\u00cdA DE CONFIANZA","isPartOf":{"@id":"https:\/\/gestorialaselva.com\/es\/#website"},"datePublished":"2017-11-20T16:40:28+00:00","dateModified":"2023-10-02T08:28:23+00:00","description":"Consultor\u00eda, Fiscal, Laboral, Contable, Mercantil y Seguros. Assessoria la Selva posa a la seva disposici\u00f3 un servei integral d\u2019assessorament, amb la garantia que la seva empresa es trobar\u00e0 protegida en qualsevol \u00e0mbit tributari, fiscal, comptable, laboral, etc. Ens caracteritzem per oferir una atenci\u00f3 personalitzada i adaptada a les noves tecnologies, oferint un servei individualitzat, exemplar a m\u00e9s a m\u00e9s de l'experi\u00e8ncia, el coneixement del negoci i la formaci\u00f3 cont\u00ednua. El conjunt d\u2019aquets factors ens permeten proporcionar un servei global immillorable.","breadcrumb":{"@id":"https:\/\/gestorialaselva.com\/es\/asesoramiento-empresarial-consultoria\/#breadcrumb"},"inLanguage":"es","potentialAction":[{"@type":"ReadAction","target":["https:\/\/gestorialaselva.com\/es\/asesoramiento-empresarial-consultoria\/"]}]},{"@type":"BreadcrumbList","@id":"https:\/\/gestorialaselva.com\/es\/asesoramiento-empresarial-consultoria\/#breadcrumb","itemListElement":[{"@type":"ListItem","position":1,"name":"Inici","item":"https:\/\/gestorialaselva.com\/es\/"},{"@type":"ListItem","position":2,"name":"ASESORAMIENTO EMPRESARIAL- CONSULTOR\u00cdA"}]},{"@type":"WebSite","@id":"https:\/\/gestorialaselva.com\/es\/#website","url":"https:\/\/gestorialaselva.com\/es\/","name":"GESTORIA LA SELVA, SU GESTOR\u00cdA DE CONFIANZA","description":"Consultor\u00eda, Fiscal, Laboral, Contable, Mercantil y Seguros en Lloret de Mar","potentialAction":[{"@type":"SearchAction","target":{"@type":"EntryPoint","urlTemplate":"https:\/\/gestorialaselva.com\/es\/?s={search_term_string}"},"query-input":"required name=search_term_string"}],"inLanguage":"es"}]}},"_links":{"self":[{"href":"https:\/\/gestorialaselva.com\/es\/wp-json\/wp\/v2\/pages\/1422","targetHints":{"allow":["GET"]}}],"collection":[{"href":"https:\/\/gestorialaselva.com\/es\/wp-json\/wp\/v2\/pages"}],"about":[{"href":"https:\/\/gestorialaselva.com\/es\/wp-json\/wp\/v2\/types\/page"}],"author":[{"embeddable":true,"href":"https:\/\/gestorialaselva.com\/es\/wp-json\/wp\/v2\/users\/1"}],"replies":[{"embeddable":true,"href":"https:\/\/gestorialaselva.com\/es\/wp-json\/wp\/v2\/comments?post=1422"}],"version-history":[{"count":27,"href":"https:\/\/gestorialaselva.com\/es\/wp-json\/wp\/v2\/pages\/1422\/revisions"}],"predecessor-version":[{"id":2786,"href":"https:\/\/gestorialaselva.com\/es\/wp-json\/wp\/v2\/pages\/1422\/revisions\/2786"}],"wp:attachment":[{"href":"https:\/\/gestorialaselva.com\/es\/wp-json\/wp\/v2\/media?parent=1422"}],"curies":[{"name":"wp","href":"https:\/\/api.w.org\/{rel}","templated":true}]}}